{"id":921,"date":"2023-08-22T11:21:52","date_gmt":"2023-08-22T11:21:52","guid":{"rendered":"https:\/\/dequecolorestupiel.com\/reflexionem-sobre-racisme-i-discriminacio\/"},"modified":"2023-10-09T10:49:40","modified_gmt":"2023-10-09T10:49:40","slug":"reflexionem-sobre-racisme-i-discriminacio","status":"publish","type":"page","link":"https:\/\/dequecolorestupiel.com\/ca\/reflexionem-sobre-racisme-i-discriminacio\/","title":{"rendered":"Reflexionem sobre racisme i discriminaci\u00f3"},"content":{"rendered":"\t\t<div data-elementor-type=\"wp-page\" data-elementor-id=\"921\" class=\"elementor elementor-921 elementor-129\" data-elementor-post-type=\"page\">\n\t\t\t\t<div class=\"elementor-element elementor-element-4d55c4d e-flex e-con-boxed e-con e-parent\" data-id=\"4d55c4d\" data-element_type=\"container\" data-e-type=\"container\">\n\t\t\t\t\t<div class=\"e-con-inner\">\n\t\t\t\t<div class=\"elementor-element elementor-element-b8edf0b animated-slow elementor-invisible elementor-widget elementor-widget-text-editor\" data-id=\"b8edf0b\" data-element_type=\"widget\" data-e-type=\"widget\" data-settings=\"{&quot;_animation&quot;:&quot;fadeIn&quot;,&quot;_animation_delay&quot;:300}\" data-widget_type=\"text-editor.default\">\n\t\t\t\t<div class=\"elementor-widget-container\">\n\t\t\t\t\t\t\t\t\t<p>Amb l&#8217;objectiu d&#8217;entendre en qu\u00e8 consisteix el taller i quin \u00e9s el proc\u00e9s de reflexi\u00f3 que les diferents activitats ajuden a realitzar, et convido a participar en aquesta petita activitat interactiva. Escull un color i fes click.<\/p>\n\t\t\t\t\t\t\t\t<\/div>\n\t\t\t\t<\/div>\n\t\t<div class=\"elementor-element elementor-element-3b208d9 e-flex e-con-boxed e-con e-child\" data-id=\"3b208d9\" data-element_type=\"container\" data-e-type=\"container\">\n\t\t\t\t\t<div class=\"e-con-inner\">\n\t\t\t\t<div class=\"elementor-element elementor-element-54f66a91 elementor-flip-box--effect-fade elementor-widget-mobile__width-inherit elementor-widget-tablet__width-inherit elementor-widget elementor-widget-flip-box\" data-id=\"54f66a91\" data-element_type=\"widget\" data-e-type=\"widget\" data-widget_type=\"flip-box.default\">\n\t\t\t\t<div class=\"elementor-widget-container\">\n\t\t\t\t\t\t\t<div class=\"elementor-flip-box\" tabindex=\"0\">\n\t\t\t<div class=\"elementor-flip-box__layer elementor-flip-box__front\">\n\t\t\t\t<div class=\"elementor-flip-box__layer__overlay\">\n\t\t\t\t\t<div class=\"elementor-flip-box__layer__inner\">\n\t\t\t\t\t\t\n\t\t\t\t\t\t\n\t\t\t\t\t\t\t\t\t\t\t<\/div>\n\t\t\t\t<\/div>\n\t\t\t<\/div>\n\t\t\t<div class=\"elementor-flip-box__layer elementor-flip-box__back\">\n\t\t\t<div class=\"elementor-flip-box__layer__overlay\">\n\t\t\t\t<div class=\"elementor-flip-box__layer__inner\">\n\t\t\t\t\t\n\t\t\t\t\t\n\t\t\t\t\t\t\t\t\t\t\t<a class=\"elementor-flip-box__button elementor-button elementor-size-xs\" href=\"#elementor-action%3Aaction%3Dpopup%3Aopen%26settings%3DeyJpZCI6ODM0LCJ0b2dnbGUiOmZhbHNlfQ%3D%3D\">\n\t\t\t\t\t\t\tBLANC\t\t\t\t\t\t<\/a>\n\t\t\t\t\t\t\t\t<\/div>\n\t\t<\/div>\n\t\t<\/div>\n\t\t<\/div>\n\t\t\t\t\t\t<\/div>\n\t\t\t\t<\/div>\n\t\t\t\t<div class=\"elementor-element elementor-element-373898bc elementor-flip-box--effect-fade elementor-widget-mobile__width-inherit elementor-widget-tablet__width-inherit elementor-widget elementor-widget-flip-box\" data-id=\"373898bc\" data-element_type=\"widget\" data-e-type=\"widget\" data-widget_type=\"flip-box.default\">\n\t\t\t\t<div class=\"elementor-widget-container\">\n\t\t\t\t\t\t\t<div class=\"elementor-flip-box\" tabindex=\"0\">\n\t\t\t<div class=\"elementor-flip-box__layer elementor-flip-box__front\">\n\t\t\t\t<div class=\"elementor-flip-box__layer__overlay\">\n\t\t\t\t\t<div class=\"elementor-flip-box__layer__inner\">\n\t\t\t\t\t\t\n\t\t\t\t\t\t\n\t\t\t\t\t\t\t\t\t\t\t<\/div>\n\t\t\t\t<\/div>\n\t\t\t<\/div>\n\t\t\t<div class=\"elementor-flip-box__layer elementor-flip-box__back\">\n\t\t\t<div class=\"elementor-flip-box__layer__overlay\">\n\t\t\t\t<div class=\"elementor-flip-box__layer__inner\">\n\t\t\t\t\t\n\t\t\t\t\t\n\t\t\t\t\t\t\t\t\t\t\t<a class=\"elementor-flip-box__button elementor-button elementor-size-xs\" href=\"#elementor-action%3Aaction%3Dpopup%3Aopen%26settings%3DeyJpZCI6ODU4LCJ0b2dnbGUiOmZhbHNlfQ%3D%3D\">\n\t\t\t\t\t\t\tVERD\t\t\t\t\t\t<\/a>\n\t\t\t\t\t\t\t\t<\/div>\n\t\t<\/div>\n\t\t<\/div>\n\t\t<\/div>\n\t\t\t\t\t\t<\/div>\n\t\t\t\t<\/div>\n\t\t\t\t<div class=\"elementor-element elementor-element-32b46adc elementor-flip-box--effect-fade elementor-widget-mobile__width-inherit elementor-widget-tablet__width-inherit elementor-widget elementor-widget-flip-box\" data-id=\"32b46adc\" data-element_type=\"widget\" data-e-type=\"widget\" data-widget_type=\"flip-box.default\">\n\t\t\t\t<div class=\"elementor-widget-container\">\n\t\t\t\t\t\t\t<div class=\"elementor-flip-box\" tabindex=\"0\">\n\t\t\t<div class=\"elementor-flip-box__layer elementor-flip-box__front\">\n\t\t\t\t<div class=\"elementor-flip-box__layer__overlay\">\n\t\t\t\t\t<div class=\"elementor-flip-box__layer__inner\">\n\t\t\t\t\t\t\n\t\t\t\t\t\t\n\t\t\t\t\t\t\t\t\t\t\t<\/div>\n\t\t\t\t<\/div>\n\t\t\t<\/div>\n\t\t\t<div class=\"elementor-flip-box__layer elementor-flip-box__back\">\n\t\t\t<div class=\"elementor-flip-box__layer__overlay\">\n\t\t\t\t<div class=\"elementor-flip-box__layer__inner\">\n\t\t\t\t\t\n\t\t\t\t\t\n\t\t\t\t\t\t\t\t\t\t\t<a class=\"elementor-flip-box__button elementor-button elementor-size-xs\" href=\"#elementor-action%3Aaction%3Dpopup%3Aopen%26settings%3DeyJpZCI6ODE1LCJ0b2dnbGUiOmZhbHNlfQ%3D%3D\">\n\t\t\t\t\t\t\tGROC\t\t\t\t\t\t<\/a>\n\t\t\t\t\t\t\t\t<\/div>\n\t\t<\/div>\n\t\t<\/div>\n\t\t<\/div>\n\t\t\t\t\t\t<\/div>\n\t\t\t\t<\/div>\n\t\t\t\t<div class=\"elementor-element elementor-element-6ac1e7ce elementor-flip-box--effect-fade elementor-widget-mobile__width-inherit elementor-widget-tablet__width-inherit elementor-widget elementor-widget-flip-box\" data-id=\"6ac1e7ce\" data-element_type=\"widget\" data-e-type=\"widget\" data-widget_type=\"flip-box.default\">\n\t\t\t\t<div class=\"elementor-widget-container\">\n\t\t\t\t\t\t\t<div class=\"elementor-flip-box\" tabindex=\"0\">\n\t\t\t<div class=\"elementor-flip-box__layer elementor-flip-box__front\">\n\t\t\t\t<div class=\"elementor-flip-box__layer__overlay\">\n\t\t\t\t\t<div class=\"elementor-flip-box__layer__inner\">\n\t\t\t\t\t\t\n\t\t\t\t\t\t\n\t\t\t\t\t\t\t\t\t\t\t<\/div>\n\t\t\t\t<\/div>\n\t\t\t<\/div>\n\t\t\t<div class=\"elementor-flip-box__layer elementor-flip-box__back\">\n\t\t\t<div class=\"elementor-flip-box__layer__overlay\">\n\t\t\t\t<div class=\"elementor-flip-box__layer__inner\">\n\t\t\t\t\t\n\t\t\t\t\t\n\t\t\t\t\t\t\t\t\t\t\t<a class=\"elementor-flip-box__button elementor-button elementor-size-xs\" href=\"#elementor-action%3Aaction%3Dpopup%3Aopen%26settings%3DeyJpZCI6ODE3LCJ0b2dnbGUiOmZhbHNlfQ%3D%3D\">\n\t\t\t\t\t\t\tVERMELL\t\t\t\t\t\t<\/a>\n\t\t\t\t\t\t\t\t<\/div>\n\t\t<\/div>\n\t\t<\/div>\n\t\t<\/div>\n\t\t\t\t\t\t<\/div>\n\t\t\t\t<\/div>\n\t\t\t\t<div class=\"elementor-element elementor-element-7287e274 elementor-flip-box--effect-fade elementor-widget-mobile__width-inherit elementor-widget-tablet__width-inherit elementor-widget elementor-widget-flip-box\" data-id=\"7287e274\" data-element_type=\"widget\" data-e-type=\"widget\" data-widget_type=\"flip-box.default\">\n\t\t\t\t<div class=\"elementor-widget-container\">\n\t\t\t\t\t\t\t<div class=\"elementor-flip-box\" tabindex=\"0\">\n\t\t\t<div class=\"elementor-flip-box__layer elementor-flip-box__front\">\n\t\t\t\t<div class=\"elementor-flip-box__layer__overlay\">\n\t\t\t\t\t<div class=\"elementor-flip-box__layer__inner\">\n\t\t\t\t\t\t\n\t\t\t\t\t\t\n\t\t\t\t\t\t\t\t\t\t\t<\/div>\n\t\t\t\t<\/div>\n\t\t\t<\/div>\n\t\t\t<div class=\"elementor-flip-box__layer elementor-flip-box__back\">\n\t\t\t<div class=\"elementor-flip-box__layer__overlay\">\n\t\t\t\t<div class=\"elementor-flip-box__layer__inner\">\n\t\t\t\t\t\n\t\t\t\t\t\n\t\t\t\t\t\t\t\t\t\t\t<a class=\"elementor-flip-box__button elementor-button elementor-size-xs\" href=\"#elementor-action%3Aaction%3Dpopup%3Aopen%26settings%3DeyJpZCI6ODE4LCJ0b2dnbGUiOmZhbHNlfQ%3D%3D\">\n\t\t\t\t\t\t\tNEGRE\t\t\t\t\t\t<\/a>\n\t\t\t\t\t\t\t\t<\/div>\n\t\t<\/div>\n\t\t<\/div>\n\t\t<\/div>\n\t\t\t\t\t\t<\/div>\n\t\t\t\t<\/div>\n\t\t\t\t\t<\/div>\n\t\t\t\t<\/div>\n\t\t\t\t\t<\/div>\n\t\t\t\t<\/div>\n\t\t\t\t<\/div>\n\t\t","protected":false},"excerpt":{"rendered":"<p>Amb l&#8217;objectiu d&#8217;entendre en qu\u00e8 consisteix el taller i quin \u00e9s el proc\u00e9s de reflexi\u00f3 que les diferents activitats ajuden a realitzar, et convido a participar en aquesta petita activitat interactiva. Escull un color i fes click. BLANC VERD GROC VERMELL NEGRE<\/p>\n","protected":false},"author":1,"featured_media":807,"parent":0,"menu_order":0,"comment_status":"closed","ping_status":"closed","template":"","meta":{"_acf_changed":false,"footnotes":"","_links_to":"","_links_to_target":""},"class_list":["post-921","page","type-page","status-publish","has-post-thumbnail","hentry"],"acf":[],"yoast_head":"<!-- This site is optimized with the Yoast SEO plugin v27.5 - https:\/\/yoast.com\/product\/yoast-seo-wordpress\/ -->\n<title>Reflexionem sobre racisme i discriminaci\u00f3 | Taller a Barcelona<\/title>\n<meta name=\"description\" content=\"Participa en aquesta activitat interactiva per entendre en qu\u00e8 consisteix el taller De quin color \u00e9s la teva pell? que se celebra a Barcelona.\" \/>\n<meta name=\"robots\" content=\"index, follow, max-snippet:-1, max-image-preview:large, max-video-preview:-1\" \/>\n<link rel=\"canonical\" href=\"https:\/\/dequecolorestupiel.com\/ca\/reflexionem-sobre-racisme-i-discriminacio\/\" \/>\n<meta property=\"og:locale\" content=\"ca_ES\" \/>\n<meta property=\"og:type\" content=\"article\" \/>\n<meta property=\"og:title\" content=\"Reflexionem sobre racisme i discriminaci\u00f3 | Taller a Barcelona\" \/>\n<meta property=\"og:description\" content=\"Participa en aquesta activitat interactiva per entendre en qu\u00e8 consisteix el taller De quin color \u00e9s la teva pell? que se celebra a Barcelona.\" \/>\n<meta property=\"og:url\" content=\"https:\/\/dequecolorestupiel.com\/ca\/reflexionem-sobre-racisme-i-discriminacio\/\" \/>\n<meta property=\"og:site_name\" content=\"De quin color \u00e9s la teva pell?\" \/>\n<meta property=\"article:modified_time\" content=\"2023-10-09T10:49:40+00:00\" \/>\n<meta property=\"og:image\" content=\"https:\/\/dequecolorestupiel.com\/wp-content\/uploads\/Reflexionemos-sobre-racismo-discriminacion-taller-dequecolorestupiel.jpg\" \/>\n\t<meta property=\"og:image:width\" content=\"1400\" \/>\n\t<meta property=\"og:image:height\" content=\"1836\" \/>\n\t<meta property=\"og:image:type\" content=\"image\/jpeg\" \/>\n<meta name=\"twitter:card\" content=\"summary_large_image\" \/>\n<meta name=\"twitter:label1\" content=\"Temps estimat de lectura\" \/>\n\t<meta name=\"twitter:data1\" content=\"1 minut\" \/>\n<script type=\"application\/ld+json\" class=\"yoast-schema-graph\">{\"@context\":\"https:\\\/\\\/schema.org\",\"@graph\":[{\"@type\":\"WebPage\",\"@id\":\"https:\\\/\\\/dequecolorestupiel.com\\\/ca\\\/reflexionem-sobre-racisme-i-discriminacio\\\/\",\"url\":\"https:\\\/\\\/dequecolorestupiel.com\\\/ca\\\/reflexionem-sobre-racisme-i-discriminacio\\\/\",\"name\":\"Reflexionem sobre racisme i discriminaci\u00f3 | Taller a Barcelona\",\"isPartOf\":{\"@id\":\"https:\\\/\\\/dequecolorestupiel.com\\\/ca\\\/#website\"},\"primaryImageOfPage\":{\"@id\":\"https:\\\/\\\/dequecolorestupiel.com\\\/ca\\\/reflexionem-sobre-racisme-i-discriminacio\\\/#primaryimage\"},\"image\":{\"@id\":\"https:\\\/\\\/dequecolorestupiel.com\\\/ca\\\/reflexionem-sobre-racisme-i-discriminacio\\\/#primaryimage\"},\"thumbnailUrl\":\"https:\\\/\\\/dequecolorestupiel.com\\\/wp-content\\\/uploads\\\/Reflexionemos-sobre-racismo-discriminacion-taller-dequecolorestupiel.jpg\",\"datePublished\":\"2023-08-22T11:21:52+00:00\",\"dateModified\":\"2023-10-09T10:49:40+00:00\",\"description\":\"Participa en aquesta activitat interactiva per entendre en qu\u00e8 consisteix el taller De quin color \u00e9s la teva pell? que se celebra a Barcelona.\",\"breadcrumb\":{\"@id\":\"https:\\\/\\\/dequecolorestupiel.com\\\/ca\\\/reflexionem-sobre-racisme-i-discriminacio\\\/#breadcrumb\"},\"inLanguage\":\"ca\",\"potentialAction\":[{\"@type\":\"ReadAction\",\"target\":[\"https:\\\/\\\/dequecolorestupiel.com\\\/ca\\\/reflexionem-sobre-racisme-i-discriminacio\\\/\"]}]},{\"@type\":\"ImageObject\",\"inLanguage\":\"ca\",\"@id\":\"https:\\\/\\\/dequecolorestupiel.com\\\/ca\\\/reflexionem-sobre-racisme-i-discriminacio\\\/#primaryimage\",\"url\":\"https:\\\/\\\/dequecolorestupiel.com\\\/wp-content\\\/uploads\\\/Reflexionemos-sobre-racismo-discriminacion-taller-dequecolorestupiel.jpg\",\"contentUrl\":\"https:\\\/\\\/dequecolorestupiel.com\\\/wp-content\\\/uploads\\\/Reflexionemos-sobre-racismo-discriminacion-taller-dequecolorestupiel.jpg\",\"width\":1400,\"height\":1836},{\"@type\":\"BreadcrumbList\",\"@id\":\"https:\\\/\\\/dequecolorestupiel.com\\\/ca\\\/reflexionem-sobre-racisme-i-discriminacio\\\/#breadcrumb\",\"itemListElement\":[{\"@type\":\"ListItem\",\"position\":1,\"name\":\"Portada\",\"item\":\"https:\\\/\\\/dequecolorestupiel.com\\\/ca\\\/portada\\\/\"},{\"@type\":\"ListItem\",\"position\":2,\"name\":\"Reflexionem sobre racisme i discriminaci\u00f3\"}]},{\"@type\":\"WebSite\",\"@id\":\"https:\\\/\\\/dequecolorestupiel.com\\\/ca\\\/#website\",\"url\":\"https:\\\/\\\/dequecolorestupiel.com\\\/ca\\\/\",\"name\":\"De quin color \u00e9s la teva pell?\",\"description\":\"Taller del Palomar de Jose que convida a reflexionar sobre la discriminaci\u00f3 i el racisme en l'\u00e0mbit educatiu\",\"publisher\":{\"@id\":\"https:\\\/\\\/dequecolorestupiel.com\\\/ca\\\/#\\\/schema\\\/person\\\/34e7450451f21e8784b696add8eb6646\"},\"potentialAction\":[{\"@type\":\"SearchAction\",\"target\":{\"@type\":\"EntryPoint\",\"urlTemplate\":\"https:\\\/\\\/dequecolorestupiel.com\\\/ca\\\/?s={search_term_string}\"},\"query-input\":{\"@type\":\"PropertyValueSpecification\",\"valueRequired\":true,\"valueName\":\"search_term_string\"}}],\"inLanguage\":\"ca\"},{\"@type\":[\"Person\",\"Organization\"],\"@id\":\"https:\\\/\\\/dequecolorestupiel.com\\\/ca\\\/#\\\/schema\\\/person\\\/34e7450451f21e8784b696add8eb6646\",\"name\":\"enelpalomar\",\"image\":{\"@type\":\"ImageObject\",\"inLanguage\":\"ca\",\"@id\":\"https:\\\/\\\/dequecolorestupiel.com\\\/wp-content\\\/uploads\\\/Isotipo-El-Palomar-web.png\",\"url\":\"https:\\\/\\\/dequecolorestupiel.com\\\/wp-content\\\/uploads\\\/Isotipo-El-Palomar-web.png\",\"contentUrl\":\"https:\\\/\\\/dequecolorestupiel.com\\\/wp-content\\\/uploads\\\/Isotipo-El-Palomar-web.png\",\"width\":512,\"height\":512,\"caption\":\"enelpalomar\"},\"logo\":{\"@id\":\"https:\\\/\\\/dequecolorestupiel.com\\\/wp-content\\\/uploads\\\/Isotipo-El-Palomar-web.png\"},\"sameAs\":[\"https:\\\/\\\/elpalomardejose.com\\\/\",\"https:\\\/\\\/www.instagram.com\\\/enelpalomar\\\/\",\"https:\\\/\\\/www.linkedin.com\\\/in\\\/jose-alonso-represa-43193510\\\/\"]}]}<\/script>\n<!-- \/ Yoast SEO plugin. -->","yoast_head_json":{"title":"Reflexionem sobre racisme i discriminaci\u00f3 | Taller a Barcelona","description":"Participa en aquesta activitat interactiva per entendre en qu\u00e8 consisteix el taller De quin color \u00e9s la teva pell? que se celebra a Barcelona.","robots":{"index":"index","follow":"follow","max-snippet":"max-snippet:-1","max-image-preview":"max-image-preview:large","max-video-preview":"max-video-preview:-1"},"canonical":"https:\/\/dequecolorestupiel.com\/ca\/reflexionem-sobre-racisme-i-discriminacio\/","og_locale":"ca_ES","og_type":"article","og_title":"Reflexionem sobre racisme i discriminaci\u00f3 | Taller a Barcelona","og_description":"Participa en aquesta activitat interactiva per entendre en qu\u00e8 consisteix el taller De quin color \u00e9s la teva pell? que se celebra a Barcelona.","og_url":"https:\/\/dequecolorestupiel.com\/ca\/reflexionem-sobre-racisme-i-discriminacio\/","og_site_name":"De quin color \u00e9s la teva pell?","article_modified_time":"2023-10-09T10:49:40+00:00","og_image":[{"width":1400,"height":1836,"url":"https:\/\/dequecolorestupiel.com\/wp-content\/uploads\/Reflexionemos-sobre-racismo-discriminacion-taller-dequecolorestupiel.jpg","type":"image\/jpeg"}],"twitter_card":"summary_large_image","twitter_misc":{"Temps estimat de lectura":"1 minut"},"schema":{"@context":"https:\/\/schema.org","@graph":[{"@type":"WebPage","@id":"https:\/\/dequecolorestupiel.com\/ca\/reflexionem-sobre-racisme-i-discriminacio\/","url":"https:\/\/dequecolorestupiel.com\/ca\/reflexionem-sobre-racisme-i-discriminacio\/","name":"Reflexionem sobre racisme i discriminaci\u00f3 | Taller a Barcelona","isPartOf":{"@id":"https:\/\/dequecolorestupiel.com\/ca\/#website"},"primaryImageOfPage":{"@id":"https:\/\/dequecolorestupiel.com\/ca\/reflexionem-sobre-racisme-i-discriminacio\/#primaryimage"},"image":{"@id":"https:\/\/dequecolorestupiel.com\/ca\/reflexionem-sobre-racisme-i-discriminacio\/#primaryimage"},"thumbnailUrl":"https:\/\/dequecolorestupiel.com\/wp-content\/uploads\/Reflexionemos-sobre-racismo-discriminacion-taller-dequecolorestupiel.jpg","datePublished":"2023-08-22T11:21:52+00:00","dateModified":"2023-10-09T10:49:40+00:00","description":"Participa en aquesta activitat interactiva per entendre en qu\u00e8 consisteix el taller De quin color \u00e9s la teva pell? que se celebra a Barcelona.","breadcrumb":{"@id":"https:\/\/dequecolorestupiel.com\/ca\/reflexionem-sobre-racisme-i-discriminacio\/#breadcrumb"},"inLanguage":"ca","potentialAction":[{"@type":"ReadAction","target":["https:\/\/dequecolorestupiel.com\/ca\/reflexionem-sobre-racisme-i-discriminacio\/"]}]},{"@type":"ImageObject","inLanguage":"ca","@id":"https:\/\/dequecolorestupiel.com\/ca\/reflexionem-sobre-racisme-i-discriminacio\/#primaryimage","url":"https:\/\/dequecolorestupiel.com\/wp-content\/uploads\/Reflexionemos-sobre-racismo-discriminacion-taller-dequecolorestupiel.jpg","contentUrl":"https:\/\/dequecolorestupiel.com\/wp-content\/uploads\/Reflexionemos-sobre-racismo-discriminacion-taller-dequecolorestupiel.jpg","width":1400,"height":1836},{"@type":"BreadcrumbList","@id":"https:\/\/dequecolorestupiel.com\/ca\/reflexionem-sobre-racisme-i-discriminacio\/#breadcrumb","itemListElement":[{"@type":"ListItem","position":1,"name":"Portada","item":"https:\/\/dequecolorestupiel.com\/ca\/portada\/"},{"@type":"ListItem","position":2,"name":"Reflexionem sobre racisme i discriminaci\u00f3"}]},{"@type":"WebSite","@id":"https:\/\/dequecolorestupiel.com\/ca\/#website","url":"https:\/\/dequecolorestupiel.com\/ca\/","name":"De quin color \u00e9s la teva pell?","description":"Taller del Palomar de Jose que convida a reflexionar sobre la discriminaci\u00f3 i el racisme en l'\u00e0mbit educatiu","publisher":{"@id":"https:\/\/dequecolorestupiel.com\/ca\/#\/schema\/person\/34e7450451f21e8784b696add8eb6646"},"potentialAction":[{"@type":"SearchAction","target":{"@type":"EntryPoint","urlTemplate":"https:\/\/dequecolorestupiel.com\/ca\/?s={search_term_string}"},"query-input":{"@type":"PropertyValueSpecification","valueRequired":true,"valueName":"search_term_string"}}],"inLanguage":"ca"},{"@type":["Person","Organization"],"@id":"https:\/\/dequecolorestupiel.com\/ca\/#\/schema\/person\/34e7450451f21e8784b696add8eb6646","name":"enelpalomar","image":{"@type":"ImageObject","inLanguage":"ca","@id":"https:\/\/dequecolorestupiel.com\/wp-content\/uploads\/Isotipo-El-Palomar-web.png","url":"https:\/\/dequecolorestupiel.com\/wp-content\/uploads\/Isotipo-El-Palomar-web.png","contentUrl":"https:\/\/dequecolorestupiel.com\/wp-content\/uploads\/Isotipo-El-Palomar-web.png","width":512,"height":512,"caption":"enelpalomar"},"logo":{"@id":"https:\/\/dequecolorestupiel.com\/wp-content\/uploads\/Isotipo-El-Palomar-web.png"},"sameAs":["https:\/\/elpalomardejose.com\/","https:\/\/www.instagram.com\/enelpalomar\/","https:\/\/www.linkedin.com\/in\/jose-alonso-represa-43193510\/"]}]}},"_links":{"self":[{"href":"https:\/\/dequecolorestupiel.com\/ca\/wp-json\/wp\/v2\/pages\/921","targetHints":{"allow":["GET"]}}],"collection":[{"href":"https:\/\/dequecolorestupiel.com\/ca\/wp-json\/wp\/v2\/pages"}],"about":[{"href":"https:\/\/dequecolorestupiel.com\/ca\/wp-json\/wp\/v2\/types\/page"}],"author":[{"embeddable":true,"href":"https:\/\/dequecolorestupiel.com\/ca\/wp-json\/wp\/v2\/users\/1"}],"replies":[{"embeddable":true,"href":"https:\/\/dequecolorestupiel.com\/ca\/wp-json\/wp\/v2\/comments?post=921"}],"version-history":[{"count":6,"href":"https:\/\/dequecolorestupiel.com\/ca\/wp-json\/wp\/v2\/pages\/921\/revisions"}],"predecessor-version":[{"id":1432,"href":"https:\/\/dequecolorestupiel.com\/ca\/wp-json\/wp\/v2\/pages\/921\/revisions\/1432"}],"wp:featuredmedia":[{"embeddable":true,"href":"https:\/\/dequecolorestupiel.com\/ca\/wp-json\/wp\/v2\/media\/807"}],"wp:attachment":[{"href":"https:\/\/dequecolorestupiel.com\/ca\/wp-json\/wp\/v2\/media?parent=921"}],"curies":[{"name":"wp","href":"https:\/\/api.w.org\/{rel}","templated":true}]}}