{"id":913,"date":"2023-08-11T13:53:52","date_gmt":"2023-08-11T13:53:52","guid":{"rendered":"https:\/\/dequecolorestupiel.com\/la-discriminacio-en-l-ambit-educatiu\/"},"modified":"2023-10-16T09:44:48","modified_gmt":"2023-10-16T09:44:48","slug":"la-discriminacio-en-l-ambit-educatiu","status":"publish","type":"page","link":"https:\/\/dequecolorestupiel.com\/ca\/la-discriminacio-en-l-ambit-educatiu\/","title":{"rendered":"La discriminaci\u00f3 en l&#8217;\u00e0mbit educatiu"},"content":{"rendered":"\t\t<div data-elementor-type=\"wp-page\" data-elementor-id=\"913\" class=\"elementor elementor-913 elementor-80\" data-elementor-post-type=\"page\">\n\t\t\t\t<div class=\"elementor-element elementor-element-4d3cf9e e-flex e-con-boxed e-con e-parent\" data-id=\"4d3cf9e\" data-element_type=\"container\" data-e-type=\"container\">\n\t\t\t\t\t<div class=\"e-con-inner\">\n\t\t\t\t<div class=\"elementor-element elementor-element-d023cb5 elementor-widget elementor-widget-text-editor\" data-id=\"d023cb5\" data-element_type=\"widget\" data-e-type=\"widget\" data-widget_type=\"text-editor.default\">\n\t\t\t\t<div class=\"elementor-widget-container\">\n\t\t\t\t\t\t\t\t\t\n<p>\u00c9s essencial incorporar l&#8217;antiracisme en l&#8217;agenda educativa. La reflexi\u00f3 sobre la discriminaci\u00f3, tant en contextos formals d&#8217;ensenyament com en l&#8217;educaci\u00f3 no formal, t\u00e9 el potencial d&#8217;ampliar l&#8217;impacte tant en l&#8217;\u00e0mbit educatiu com en el social.<\/p>\n<p>El taller t\u00e9 com a objectiu facilitar elements de reflexi\u00f3 que proporcionin eines a professionals de l&#8217;educaci\u00f3, que els ajudin a treballar i integrar processos migratoris i d&#8217;interculturalitat.<\/p>\n<p>Volem obrir noves perspectives d&#8217;an\u00e0lisis entre els professionals, posant de manifest l&#8217;exist\u00e8ncia de la discriminaci\u00f3 estructural en la nostra societat i destacant les diverses realitats culturals i socials que coexisteixen en ella.<\/p>\n\t\t\t\t\t\t\t\t<\/div>\n\t\t\t\t<\/div>\n\t\t\t\t<div class=\"elementor-element elementor-element-46ca6b7 elementor-widget elementor-widget-button\" data-id=\"46ca6b7\" data-element_type=\"widget\" data-e-type=\"widget\" data-widget_type=\"button.default\">\n\t\t\t\t<div class=\"elementor-widget-container\">\n\t\t\t\t\t\t\t\t\t<div class=\"elementor-button-wrapper\">\n\t\t\t\t\t<a class=\"elementor-button elementor-button-link elementor-size-xs\" href=\"#elementor-action%3Aaction%3Dpopup%3Aopen%26settings%3DeyJpZCI6ODcwLCJ0b2dnbGUiOmZhbHNlfQ%3D%3D\">\n\t\t\t\t\t\t<span class=\"elementor-button-content-wrapper\">\n\t\t\t\t\t\t\t\t\t<span class=\"elementor-button-text\">Consultar gr\u00e0fic<\/span>\n\t\t\t\t\t<\/span>\n\t\t\t\t\t<\/a>\n\t\t\t\t<\/div>\n\t\t\t\t\t\t\t\t<\/div>\n\t\t\t\t<\/div>\n\t\t\t\t\t<\/div>\n\t\t\t\t<\/div>\n\t\t\t\t<\/div>\n\t\t","protected":false},"excerpt":{"rendered":"<p>\u00c9s essencial incorporar l&#8217;antiracisme en l&#8217;agenda educativa. La reflexi\u00f3 sobre la discriminaci\u00f3, tant en contextos formals d&#8217;ensenyament com en l&#8217;educaci\u00f3 no formal, t\u00e9 el potencial d&#8217;ampliar l&#8217;impacte tant en l&#8217;\u00e0mbit educatiu com en el social. El taller t\u00e9 com a objectiu facilitar elements de reflexi\u00f3 que proporcionin eines a professionals de l&#8217;educaci\u00f3, que els ajudin [&hellip;]<\/p>\n","protected":false},"author":1,"featured_media":783,"parent":0,"menu_order":0,"comment_status":"closed","ping_status":"closed","template":"","meta":{"_acf_changed":false,"footnotes":"","_links_to":"","_links_to_target":""},"class_list":["post-913","page","type-page","status-publish","has-post-thumbnail","hentry"],"acf":[],"yoast_head":"<!-- This site is optimized with the Yoast SEO plugin v27.5 - https:\/\/yoast.com\/product\/yoast-seo-wordpress\/ -->\n<title>La discriminaci\u00f3 en l&#039;\u00e0mbit educatiu | Taller per a docents<\/title>\n<meta name=\"description\" content=\"Treballar l&#039;antiracisme amb els equips de la formaci\u00f3 reglada i l&#039;educaci\u00f3 no formal permetr\u00e0 augmentar l&#039;impacte social.\" \/>\n<meta name=\"robots\" content=\"index, follow, max-snippet:-1, max-image-preview:large, max-video-preview:-1\" \/>\n<link rel=\"canonical\" href=\"https:\/\/dequecolorestupiel.com\/ca\/la-discriminacio-en-l-ambit-educatiu\/\" \/>\n<meta property=\"og:locale\" content=\"ca_ES\" \/>\n<meta property=\"og:type\" content=\"article\" \/>\n<meta property=\"og:title\" content=\"La discriminaci\u00f3 en l&#039;\u00e0mbit educatiu | Taller per a docents\" \/>\n<meta property=\"og:description\" content=\"Treballar l&#039;antiracisme amb els equips de la formaci\u00f3 reglada i l&#039;educaci\u00f3 no formal permetr\u00e0 augmentar l&#039;impacte social.\" \/>\n<meta property=\"og:url\" content=\"https:\/\/dequecolorestupiel.com\/ca\/la-discriminacio-en-l-ambit-educatiu\/\" \/>\n<meta property=\"og:site_name\" content=\"De quin color \u00e9s la teva pell?\" \/>\n<meta property=\"article:modified_time\" content=\"2023-10-16T09:44:48+00:00\" \/>\n<meta property=\"og:image\" content=\"https:\/\/dequecolorestupiel.com\/wp-content\/uploads\/La-discriminacion-en-el-ambito-educativo-taller-color.jpg\" \/>\n\t<meta property=\"og:image:width\" content=\"1398\" \/>\n\t<meta property=\"og:image:height\" content=\"1836\" \/>\n\t<meta property=\"og:image:type\" content=\"image\/jpeg\" \/>\n<meta name=\"twitter:card\" content=\"summary_large_image\" \/>\n<meta name=\"twitter:label1\" content=\"Temps estimat de lectura\" \/>\n\t<meta name=\"twitter:data1\" content=\"1 minut\" \/>\n<script type=\"application\/ld+json\" class=\"yoast-schema-graph\">{\"@context\":\"https:\\\/\\\/schema.org\",\"@graph\":[{\"@type\":\"WebPage\",\"@id\":\"https:\\\/\\\/dequecolorestupiel.com\\\/ca\\\/la-discriminacio-en-l-ambit-educatiu\\\/\",\"url\":\"https:\\\/\\\/dequecolorestupiel.com\\\/ca\\\/la-discriminacio-en-l-ambit-educatiu\\\/\",\"name\":\"La discriminaci\u00f3 en l'\u00e0mbit educatiu | Taller per a docents\",\"isPartOf\":{\"@id\":\"https:\\\/\\\/dequecolorestupiel.com\\\/ca\\\/#website\"},\"primaryImageOfPage\":{\"@id\":\"https:\\\/\\\/dequecolorestupiel.com\\\/ca\\\/la-discriminacio-en-l-ambit-educatiu\\\/#primaryimage\"},\"image\":{\"@id\":\"https:\\\/\\\/dequecolorestupiel.com\\\/ca\\\/la-discriminacio-en-l-ambit-educatiu\\\/#primaryimage\"},\"thumbnailUrl\":\"https:\\\/\\\/dequecolorestupiel.com\\\/wp-content\\\/uploads\\\/La-discriminacion-en-el-ambito-educativo-taller-color.jpg\",\"datePublished\":\"2023-08-11T13:53:52+00:00\",\"dateModified\":\"2023-10-16T09:44:48+00:00\",\"description\":\"Treballar l'antiracisme amb els equips de la formaci\u00f3 reglada i l'educaci\u00f3 no formal permetr\u00e0 augmentar l'impacte social.\",\"breadcrumb\":{\"@id\":\"https:\\\/\\\/dequecolorestupiel.com\\\/ca\\\/la-discriminacio-en-l-ambit-educatiu\\\/#breadcrumb\"},\"inLanguage\":\"ca\",\"potentialAction\":[{\"@type\":\"ReadAction\",\"target\":[\"https:\\\/\\\/dequecolorestupiel.com\\\/ca\\\/la-discriminacio-en-l-ambit-educatiu\\\/\"]}]},{\"@type\":\"ImageObject\",\"inLanguage\":\"ca\",\"@id\":\"https:\\\/\\\/dequecolorestupiel.com\\\/ca\\\/la-discriminacio-en-l-ambit-educatiu\\\/#primaryimage\",\"url\":\"https:\\\/\\\/dequecolorestupiel.com\\\/wp-content\\\/uploads\\\/La-discriminacion-en-el-ambito-educativo-taller-color.jpg\",\"contentUrl\":\"https:\\\/\\\/dequecolorestupiel.com\\\/wp-content\\\/uploads\\\/La-discriminacion-en-el-ambito-educativo-taller-color.jpg\",\"width\":1398,\"height\":1836},{\"@type\":\"BreadcrumbList\",\"@id\":\"https:\\\/\\\/dequecolorestupiel.com\\\/ca\\\/la-discriminacio-en-l-ambit-educatiu\\\/#breadcrumb\",\"itemListElement\":[{\"@type\":\"ListItem\",\"position\":1,\"name\":\"Portada\",\"item\":\"https:\\\/\\\/dequecolorestupiel.com\\\/ca\\\/portada\\\/\"},{\"@type\":\"ListItem\",\"position\":2,\"name\":\"La discriminaci\u00f3 en l&#8217;\u00e0mbit educatiu\"}]},{\"@type\":\"WebSite\",\"@id\":\"https:\\\/\\\/dequecolorestupiel.com\\\/ca\\\/#website\",\"url\":\"https:\\\/\\\/dequecolorestupiel.com\\\/ca\\\/\",\"name\":\"De quin color \u00e9s la teva pell?\",\"description\":\"Taller del Palomar de Jose que convida a reflexionar sobre la discriminaci\u00f3 i el racisme en l'\u00e0mbit educatiu\",\"publisher\":{\"@id\":\"https:\\\/\\\/dequecolorestupiel.com\\\/ca\\\/#\\\/schema\\\/person\\\/34e7450451f21e8784b696add8eb6646\"},\"potentialAction\":[{\"@type\":\"SearchAction\",\"target\":{\"@type\":\"EntryPoint\",\"urlTemplate\":\"https:\\\/\\\/dequecolorestupiel.com\\\/ca\\\/?s={search_term_string}\"},\"query-input\":{\"@type\":\"PropertyValueSpecification\",\"valueRequired\":true,\"valueName\":\"search_term_string\"}}],\"inLanguage\":\"ca\"},{\"@type\":[\"Person\",\"Organization\"],\"@id\":\"https:\\\/\\\/dequecolorestupiel.com\\\/ca\\\/#\\\/schema\\\/person\\\/34e7450451f21e8784b696add8eb6646\",\"name\":\"enelpalomar\",\"image\":{\"@type\":\"ImageObject\",\"inLanguage\":\"ca\",\"@id\":\"https:\\\/\\\/dequecolorestupiel.com\\\/wp-content\\\/uploads\\\/Isotipo-El-Palomar-web.png\",\"url\":\"https:\\\/\\\/dequecolorestupiel.com\\\/wp-content\\\/uploads\\\/Isotipo-El-Palomar-web.png\",\"contentUrl\":\"https:\\\/\\\/dequecolorestupiel.com\\\/wp-content\\\/uploads\\\/Isotipo-El-Palomar-web.png\",\"width\":512,\"height\":512,\"caption\":\"enelpalomar\"},\"logo\":{\"@id\":\"https:\\\/\\\/dequecolorestupiel.com\\\/wp-content\\\/uploads\\\/Isotipo-El-Palomar-web.png\"},\"sameAs\":[\"https:\\\/\\\/elpalomardejose.com\\\/\",\"https:\\\/\\\/www.instagram.com\\\/enelpalomar\\\/\",\"https:\\\/\\\/www.linkedin.com\\\/in\\\/jose-alonso-represa-43193510\\\/\"]}]}<\/script>\n<!-- \/ Yoast SEO plugin. -->","yoast_head_json":{"title":"La discriminaci\u00f3 en l'\u00e0mbit educatiu | Taller per a docents","description":"Treballar l'antiracisme amb els equips de la formaci\u00f3 reglada i l'educaci\u00f3 no formal permetr\u00e0 augmentar l'impacte social.","robots":{"index":"index","follow":"follow","max-snippet":"max-snippet:-1","max-image-preview":"max-image-preview:large","max-video-preview":"max-video-preview:-1"},"canonical":"https:\/\/dequecolorestupiel.com\/ca\/la-discriminacio-en-l-ambit-educatiu\/","og_locale":"ca_ES","og_type":"article","og_title":"La discriminaci\u00f3 en l'\u00e0mbit educatiu | Taller per a docents","og_description":"Treballar l'antiracisme amb els equips de la formaci\u00f3 reglada i l'educaci\u00f3 no formal permetr\u00e0 augmentar l'impacte social.","og_url":"https:\/\/dequecolorestupiel.com\/ca\/la-discriminacio-en-l-ambit-educatiu\/","og_site_name":"De quin color \u00e9s la teva pell?","article_modified_time":"2023-10-16T09:44:48+00:00","og_image":[{"width":1398,"height":1836,"url":"https:\/\/dequecolorestupiel.com\/wp-content\/uploads\/La-discriminacion-en-el-ambito-educativo-taller-color.jpg","type":"image\/jpeg"}],"twitter_card":"summary_large_image","twitter_misc":{"Temps estimat de lectura":"1 minut"},"schema":{"@context":"https:\/\/schema.org","@graph":[{"@type":"WebPage","@id":"https:\/\/dequecolorestupiel.com\/ca\/la-discriminacio-en-l-ambit-educatiu\/","url":"https:\/\/dequecolorestupiel.com\/ca\/la-discriminacio-en-l-ambit-educatiu\/","name":"La discriminaci\u00f3 en l'\u00e0mbit educatiu | Taller per a docents","isPartOf":{"@id":"https:\/\/dequecolorestupiel.com\/ca\/#website"},"primaryImageOfPage":{"@id":"https:\/\/dequecolorestupiel.com\/ca\/la-discriminacio-en-l-ambit-educatiu\/#primaryimage"},"image":{"@id":"https:\/\/dequecolorestupiel.com\/ca\/la-discriminacio-en-l-ambit-educatiu\/#primaryimage"},"thumbnailUrl":"https:\/\/dequecolorestupiel.com\/wp-content\/uploads\/La-discriminacion-en-el-ambito-educativo-taller-color.jpg","datePublished":"2023-08-11T13:53:52+00:00","dateModified":"2023-10-16T09:44:48+00:00","description":"Treballar l'antiracisme amb els equips de la formaci\u00f3 reglada i l'educaci\u00f3 no formal permetr\u00e0 augmentar l'impacte social.","breadcrumb":{"@id":"https:\/\/dequecolorestupiel.com\/ca\/la-discriminacio-en-l-ambit-educatiu\/#breadcrumb"},"inLanguage":"ca","potentialAction":[{"@type":"ReadAction","target":["https:\/\/dequecolorestupiel.com\/ca\/la-discriminacio-en-l-ambit-educatiu\/"]}]},{"@type":"ImageObject","inLanguage":"ca","@id":"https:\/\/dequecolorestupiel.com\/ca\/la-discriminacio-en-l-ambit-educatiu\/#primaryimage","url":"https:\/\/dequecolorestupiel.com\/wp-content\/uploads\/La-discriminacion-en-el-ambito-educativo-taller-color.jpg","contentUrl":"https:\/\/dequecolorestupiel.com\/wp-content\/uploads\/La-discriminacion-en-el-ambito-educativo-taller-color.jpg","width":1398,"height":1836},{"@type":"BreadcrumbList","@id":"https:\/\/dequecolorestupiel.com\/ca\/la-discriminacio-en-l-ambit-educatiu\/#breadcrumb","itemListElement":[{"@type":"ListItem","position":1,"name":"Portada","item":"https:\/\/dequecolorestupiel.com\/ca\/portada\/"},{"@type":"ListItem","position":2,"name":"La discriminaci\u00f3 en l&#8217;\u00e0mbit educatiu"}]},{"@type":"WebSite","@id":"https:\/\/dequecolorestupiel.com\/ca\/#website","url":"https:\/\/dequecolorestupiel.com\/ca\/","name":"De quin color \u00e9s la teva pell?","description":"Taller del Palomar de Jose que convida a reflexionar sobre la discriminaci\u00f3 i el racisme en l'\u00e0mbit educatiu","publisher":{"@id":"https:\/\/dequecolorestupiel.com\/ca\/#\/schema\/person\/34e7450451f21e8784b696add8eb6646"},"potentialAction":[{"@type":"SearchAction","target":{"@type":"EntryPoint","urlTemplate":"https:\/\/dequecolorestupiel.com\/ca\/?s={search_term_string}"},"query-input":{"@type":"PropertyValueSpecification","valueRequired":true,"valueName":"search_term_string"}}],"inLanguage":"ca"},{"@type":["Person","Organization"],"@id":"https:\/\/dequecolorestupiel.com\/ca\/#\/schema\/person\/34e7450451f21e8784b696add8eb6646","name":"enelpalomar","image":{"@type":"ImageObject","inLanguage":"ca","@id":"https:\/\/dequecolorestupiel.com\/wp-content\/uploads\/Isotipo-El-Palomar-web.png","url":"https:\/\/dequecolorestupiel.com\/wp-content\/uploads\/Isotipo-El-Palomar-web.png","contentUrl":"https:\/\/dequecolorestupiel.com\/wp-content\/uploads\/Isotipo-El-Palomar-web.png","width":512,"height":512,"caption":"enelpalomar"},"logo":{"@id":"https:\/\/dequecolorestupiel.com\/wp-content\/uploads\/Isotipo-El-Palomar-web.png"},"sameAs":["https:\/\/elpalomardejose.com\/","https:\/\/www.instagram.com\/enelpalomar\/","https:\/\/www.linkedin.com\/in\/jose-alonso-represa-43193510\/"]}]}},"_links":{"self":[{"href":"https:\/\/dequecolorestupiel.com\/ca\/wp-json\/wp\/v2\/pages\/913","targetHints":{"allow":["GET"]}}],"collection":[{"href":"https:\/\/dequecolorestupiel.com\/ca\/wp-json\/wp\/v2\/pages"}],"about":[{"href":"https:\/\/dequecolorestupiel.com\/ca\/wp-json\/wp\/v2\/types\/page"}],"author":[{"embeddable":true,"href":"https:\/\/dequecolorestupiel.com\/ca\/wp-json\/wp\/v2\/users\/1"}],"replies":[{"embeddable":true,"href":"https:\/\/dequecolorestupiel.com\/ca\/wp-json\/wp\/v2\/comments?post=913"}],"version-history":[{"count":20,"href":"https:\/\/dequecolorestupiel.com\/ca\/wp-json\/wp\/v2\/pages\/913\/revisions"}],"predecessor-version":[{"id":1509,"href":"https:\/\/dequecolorestupiel.com\/ca\/wp-json\/wp\/v2\/pages\/913\/revisions\/1509"}],"wp:featuredmedia":[{"embeddable":true,"href":"https:\/\/dequecolorestupiel.com\/ca\/wp-json\/wp\/v2\/media\/783"}],"wp:attachment":[{"href":"https:\/\/dequecolorestupiel.com\/ca\/wp-json\/wp\/v2\/media?parent=913"}],"curies":[{"name":"wp","href":"https:\/\/api.w.org\/{rel}","templated":true}]}}