{"id":900,"date":"2023-08-10T10:39:21","date_gmt":"2023-08-10T10:39:21","guid":{"rendered":"https:\/\/dequecolorestupiel.com\/el-taller-de-quin-color-es-la-teva-pell\/"},"modified":"2023-10-11T11:01:29","modified_gmt":"2023-10-11T11:01:29","slug":"el-taller","status":"publish","type":"page","link":"https:\/\/dequecolorestupiel.com\/ca\/el-taller\/","title":{"rendered":"El Taller: &#8220;De quin color \u00e9s la teva pell?&#8221;"},"content":{"rendered":"\t\t<div data-elementor-type=\"wp-page\" data-elementor-id=\"900\" class=\"elementor elementor-900 elementor-30\" data-elementor-post-type=\"page\">\n\t\t\t\t\t\t<section class=\"elementor-section elementor-top-section elementor-element elementor-element-74b8652e elementor-section-boxed elementor-section-height-default elementor-section-height-default\" data-id=\"74b8652e\" data-element_type=\"section\" data-e-type=\"section\">\n\t\t\t\t\t\t<div class=\"elementor-container elementor-column-gap-default\">\n\t\t\t\t\t<div class=\"elementor-column elementor-col-100 elementor-top-column elementor-element elementor-element-1eb7630d\" data-id=\"1eb7630d\" data-element_type=\"column\" data-e-type=\"column\">\n\t\t\t<div class=\"elementor-widget-wrap elementor-element-populated\">\n\t\t\t\t\t\t<div class=\"elementor-element elementor-element-48ff13fa elementor-widget elementor-widget-text-editor\" data-id=\"48ff13fa\" data-element_type=\"widget\" data-e-type=\"widget\" data-widget_type=\"text-editor.default\">\n\t\t\t\t<div class=\"elementor-widget-container\">\n\t\t\t\t\t\t\t\t\t<p>El taller De quin color \u00e9s la teva pell? parteix d&#8217;una reflexi\u00f3 personal. Despr\u00e9s de m\u00e9s de vint-i-cinc anys treballant en l&#8217;\u00e0mbit educatiu i social, em q\u00fcestiono com he afrontat el racisme en el meu acompliment professional. Vull compartir aquest proc\u00e9s de reflexi\u00f3 personal amb companys i companyes de professi\u00f3, obrint vies i espais perqu\u00e8 l&#8217;antiracisme i la discriminaci\u00f3 siguin temes transversals a l&#8217;aula i als diferents dispositius educatius.<\/p>\n<p>El meu objectiu \u00e9s que reflexionem conjuntament sobre les diferents formes de discriminaci\u00f3, con\u00e8ixer referents racializats i buscar estrat\u00e8gies efectives per a treballar contra el racisme.<\/p>\n\t\t\t\t\t\t\t\t<\/div>\n\t\t\t\t<\/div>\n\t\t\t\t<div class=\"elementor-element elementor-element-0b45368 elementor-widget elementor-widget-button\" data-id=\"0b45368\" data-element_type=\"widget\" data-e-type=\"widget\" data-widget_type=\"button.default\">\n\t\t\t\t<div class=\"elementor-widget-container\">\n\t\t\t\t\t\t\t\t\t<div class=\"elementor-button-wrapper\">\n\t\t\t\t\t<a class=\"elementor-button elementor-button-link elementor-size-xs\" href=\"https:\/\/dequecolorestupiel.com\/ca\/jose-alonso\/\">\n\t\t\t\t\t\t<span class=\"elementor-button-content-wrapper\">\n\t\t\t\t\t\t\t\t\t<span class=\"elementor-button-text\">Qui l'imparteix<\/span>\n\t\t\t\t\t<\/span>\n\t\t\t\t\t<\/a>\n\t\t\t\t<\/div>\n\t\t\t\t\t\t\t\t<\/div>\n\t\t\t\t<\/div>\n\t\t\t\t\t<\/div>\n\t\t<\/div>\n\t\t\t\t\t<\/div>\n\t\t<\/section>\n\t\t\t\t<\/div>\n\t\t","protected":false},"excerpt":{"rendered":"<p>El taller De quin color \u00e9s la teva pell? parteix d&#8217;una reflexi\u00f3 personal. Despr\u00e9s de m\u00e9s de vint-i-cinc anys treballant en l&#8217;\u00e0mbit educatiu i social, em q\u00fcestiono com he afrontat el racisme en el meu acompliment professional. Vull compartir aquest proc\u00e9s de reflexi\u00f3 personal amb companys i companyes de professi\u00f3, obrint vies i espais perqu\u00e8 [&hellip;]<\/p>\n","protected":false},"author":1,"featured_media":781,"parent":0,"menu_order":0,"comment_status":"closed","ping_status":"closed","template":"elementor_theme","meta":{"_acf_changed":false,"footnotes":"","_links_to":"","_links_to_target":""},"class_list":["post-900","page","type-page","status-publish","has-post-thumbnail","hentry"],"acf":[],"yoast_head":"<!-- This site is optimized with the Yoast SEO plugin v27.5 - https:\/\/yoast.com\/product\/yoast-seo-wordpress\/ -->\n<title>Taller sobre el color de pell per a educadors | En qu\u00e8 consisteix<\/title>\n<meta name=\"description\" content=\"Despr\u00e9s d&#039;anys en l&#039;\u00e0mbit educatiu i social, em q\u00fcestiono com he afrontat el racisme i vull compartir-lo amb companys del sector.\" \/>\n<meta name=\"robots\" content=\"index, follow, max-snippet:-1, max-image-preview:large, max-video-preview:-1\" \/>\n<link rel=\"canonical\" href=\"https:\/\/dequecolorestupiel.com\/ca\/el-taller\/\" \/>\n<meta property=\"og:locale\" content=\"ca_ES\" \/>\n<meta property=\"og:type\" content=\"article\" \/>\n<meta property=\"og:title\" content=\"Taller sobre el color de pell per a educadors | En qu\u00e8 consisteix\" \/>\n<meta property=\"og:description\" content=\"Despr\u00e9s d&#039;anys en l&#039;\u00e0mbit educatiu i social, em q\u00fcestiono com he afrontat el racisme i vull compartir-lo amb companys del sector.\" \/>\n<meta property=\"og:url\" content=\"https:\/\/dequecolorestupiel.com\/ca\/el-taller\/\" \/>\n<meta property=\"og:site_name\" content=\"De quin color \u00e9s la teva pell?\" \/>\n<meta property=\"article:modified_time\" content=\"2023-10-11T11:01:29+00:00\" \/>\n<meta property=\"og:image\" content=\"https:\/\/dequecolorestupiel.com\/wp-content\/uploads\/El-Taller-de-que-color-es-tu-piel.jpg\" \/>\n\t<meta property=\"og:image:width\" content=\"1398\" \/>\n\t<meta property=\"og:image:height\" content=\"1836\" \/>\n\t<meta property=\"og:image:type\" content=\"image\/jpeg\" \/>\n<meta name=\"twitter:card\" content=\"summary_large_image\" \/>\n<meta name=\"twitter:label1\" content=\"Temps estimat de lectura\" \/>\n\t<meta name=\"twitter:data1\" content=\"1 minut\" \/>\n<script type=\"application\/ld+json\" class=\"yoast-schema-graph\">{\"@context\":\"https:\\\/\\\/schema.org\",\"@graph\":[{\"@type\":\"WebPage\",\"@id\":\"https:\\\/\\\/dequecolorestupiel.com\\\/ca\\\/el-taller\\\/\",\"url\":\"https:\\\/\\\/dequecolorestupiel.com\\\/ca\\\/el-taller\\\/\",\"name\":\"Taller sobre el color de pell per a educadors | En qu\u00e8 consisteix\",\"isPartOf\":{\"@id\":\"https:\\\/\\\/dequecolorestupiel.com\\\/ca\\\/#website\"},\"primaryImageOfPage\":{\"@id\":\"https:\\\/\\\/dequecolorestupiel.com\\\/ca\\\/el-taller\\\/#primaryimage\"},\"image\":{\"@id\":\"https:\\\/\\\/dequecolorestupiel.com\\\/ca\\\/el-taller\\\/#primaryimage\"},\"thumbnailUrl\":\"https:\\\/\\\/dequecolorestupiel.com\\\/wp-content\\\/uploads\\\/El-Taller-de-que-color-es-tu-piel.jpg\",\"datePublished\":\"2023-08-10T10:39:21+00:00\",\"dateModified\":\"2023-10-11T11:01:29+00:00\",\"description\":\"Despr\u00e9s d'anys en l'\u00e0mbit educatiu i social, em q\u00fcestiono com he afrontat el racisme i vull compartir-lo amb companys del sector.\",\"breadcrumb\":{\"@id\":\"https:\\\/\\\/dequecolorestupiel.com\\\/ca\\\/el-taller\\\/#breadcrumb\"},\"inLanguage\":\"ca\",\"potentialAction\":[{\"@type\":\"ReadAction\",\"target\":[\"https:\\\/\\\/dequecolorestupiel.com\\\/ca\\\/el-taller\\\/\"]}]},{\"@type\":\"ImageObject\",\"inLanguage\":\"ca\",\"@id\":\"https:\\\/\\\/dequecolorestupiel.com\\\/ca\\\/el-taller\\\/#primaryimage\",\"url\":\"https:\\\/\\\/dequecolorestupiel.com\\\/wp-content\\\/uploads\\\/El-Taller-de-que-color-es-tu-piel.jpg\",\"contentUrl\":\"https:\\\/\\\/dequecolorestupiel.com\\\/wp-content\\\/uploads\\\/El-Taller-de-que-color-es-tu-piel.jpg\",\"width\":1398,\"height\":1836},{\"@type\":\"BreadcrumbList\",\"@id\":\"https:\\\/\\\/dequecolorestupiel.com\\\/ca\\\/el-taller\\\/#breadcrumb\",\"itemListElement\":[{\"@type\":\"ListItem\",\"position\":1,\"name\":\"Portada\",\"item\":\"https:\\\/\\\/dequecolorestupiel.com\\\/ca\\\/portada\\\/\"},{\"@type\":\"ListItem\",\"position\":2,\"name\":\"El Taller: &#8220;De quin color \u00e9s la teva pell?&#8221;\"}]},{\"@type\":\"WebSite\",\"@id\":\"https:\\\/\\\/dequecolorestupiel.com\\\/ca\\\/#website\",\"url\":\"https:\\\/\\\/dequecolorestupiel.com\\\/ca\\\/\",\"name\":\"De quin color \u00e9s la teva pell?\",\"description\":\"Taller del Palomar de Jose que convida a reflexionar sobre la discriminaci\u00f3 i el racisme en l'\u00e0mbit educatiu\",\"publisher\":{\"@id\":\"https:\\\/\\\/dequecolorestupiel.com\\\/ca\\\/#\\\/schema\\\/person\\\/34e7450451f21e8784b696add8eb6646\"},\"potentialAction\":[{\"@type\":\"SearchAction\",\"target\":{\"@type\":\"EntryPoint\",\"urlTemplate\":\"https:\\\/\\\/dequecolorestupiel.com\\\/ca\\\/?s={search_term_string}\"},\"query-input\":{\"@type\":\"PropertyValueSpecification\",\"valueRequired\":true,\"valueName\":\"search_term_string\"}}],\"inLanguage\":\"ca\"},{\"@type\":[\"Person\",\"Organization\"],\"@id\":\"https:\\\/\\\/dequecolorestupiel.com\\\/ca\\\/#\\\/schema\\\/person\\\/34e7450451f21e8784b696add8eb6646\",\"name\":\"enelpalomar\",\"image\":{\"@type\":\"ImageObject\",\"inLanguage\":\"ca\",\"@id\":\"https:\\\/\\\/dequecolorestupiel.com\\\/wp-content\\\/uploads\\\/Isotipo-El-Palomar-web.png\",\"url\":\"https:\\\/\\\/dequecolorestupiel.com\\\/wp-content\\\/uploads\\\/Isotipo-El-Palomar-web.png\",\"contentUrl\":\"https:\\\/\\\/dequecolorestupiel.com\\\/wp-content\\\/uploads\\\/Isotipo-El-Palomar-web.png\",\"width\":512,\"height\":512,\"caption\":\"enelpalomar\"},\"logo\":{\"@id\":\"https:\\\/\\\/dequecolorestupiel.com\\\/wp-content\\\/uploads\\\/Isotipo-El-Palomar-web.png\"},\"sameAs\":[\"https:\\\/\\\/elpalomardejose.com\\\/\",\"https:\\\/\\\/www.instagram.com\\\/enelpalomar\\\/\",\"https:\\\/\\\/www.linkedin.com\\\/in\\\/jose-alonso-represa-43193510\\\/\"]}]}<\/script>\n<!-- \/ Yoast SEO plugin. -->","yoast_head_json":{"title":"Taller sobre el color de pell per a educadors | En qu\u00e8 consisteix","description":"Despr\u00e9s d'anys en l'\u00e0mbit educatiu i social, em q\u00fcestiono com he afrontat el racisme i vull compartir-lo amb companys del sector.","robots":{"index":"index","follow":"follow","max-snippet":"max-snippet:-1","max-image-preview":"max-image-preview:large","max-video-preview":"max-video-preview:-1"},"canonical":"https:\/\/dequecolorestupiel.com\/ca\/el-taller\/","og_locale":"ca_ES","og_type":"article","og_title":"Taller sobre el color de pell per a educadors | En qu\u00e8 consisteix","og_description":"Despr\u00e9s d'anys en l'\u00e0mbit educatiu i social, em q\u00fcestiono com he afrontat el racisme i vull compartir-lo amb companys del sector.","og_url":"https:\/\/dequecolorestupiel.com\/ca\/el-taller\/","og_site_name":"De quin color \u00e9s la teva pell?","article_modified_time":"2023-10-11T11:01:29+00:00","og_image":[{"width":1398,"height":1836,"url":"https:\/\/dequecolorestupiel.com\/wp-content\/uploads\/El-Taller-de-que-color-es-tu-piel.jpg","type":"image\/jpeg"}],"twitter_card":"summary_large_image","twitter_misc":{"Temps estimat de lectura":"1 minut"},"schema":{"@context":"https:\/\/schema.org","@graph":[{"@type":"WebPage","@id":"https:\/\/dequecolorestupiel.com\/ca\/el-taller\/","url":"https:\/\/dequecolorestupiel.com\/ca\/el-taller\/","name":"Taller sobre el color de pell per a educadors | En qu\u00e8 consisteix","isPartOf":{"@id":"https:\/\/dequecolorestupiel.com\/ca\/#website"},"primaryImageOfPage":{"@id":"https:\/\/dequecolorestupiel.com\/ca\/el-taller\/#primaryimage"},"image":{"@id":"https:\/\/dequecolorestupiel.com\/ca\/el-taller\/#primaryimage"},"thumbnailUrl":"https:\/\/dequecolorestupiel.com\/wp-content\/uploads\/El-Taller-de-que-color-es-tu-piel.jpg","datePublished":"2023-08-10T10:39:21+00:00","dateModified":"2023-10-11T11:01:29+00:00","description":"Despr\u00e9s d'anys en l'\u00e0mbit educatiu i social, em q\u00fcestiono com he afrontat el racisme i vull compartir-lo amb companys del sector.","breadcrumb":{"@id":"https:\/\/dequecolorestupiel.com\/ca\/el-taller\/#breadcrumb"},"inLanguage":"ca","potentialAction":[{"@type":"ReadAction","target":["https:\/\/dequecolorestupiel.com\/ca\/el-taller\/"]}]},{"@type":"ImageObject","inLanguage":"ca","@id":"https:\/\/dequecolorestupiel.com\/ca\/el-taller\/#primaryimage","url":"https:\/\/dequecolorestupiel.com\/wp-content\/uploads\/El-Taller-de-que-color-es-tu-piel.jpg","contentUrl":"https:\/\/dequecolorestupiel.com\/wp-content\/uploads\/El-Taller-de-que-color-es-tu-piel.jpg","width":1398,"height":1836},{"@type":"BreadcrumbList","@id":"https:\/\/dequecolorestupiel.com\/ca\/el-taller\/#breadcrumb","itemListElement":[{"@type":"ListItem","position":1,"name":"Portada","item":"https:\/\/dequecolorestupiel.com\/ca\/portada\/"},{"@type":"ListItem","position":2,"name":"El Taller: &#8220;De quin color \u00e9s la teva pell?&#8221;"}]},{"@type":"WebSite","@id":"https:\/\/dequecolorestupiel.com\/ca\/#website","url":"https:\/\/dequecolorestupiel.com\/ca\/","name":"De quin color \u00e9s la teva pell?","description":"Taller del Palomar de Jose que convida a reflexionar sobre la discriminaci\u00f3 i el racisme en l'\u00e0mbit educatiu","publisher":{"@id":"https:\/\/dequecolorestupiel.com\/ca\/#\/schema\/person\/34e7450451f21e8784b696add8eb6646"},"potentialAction":[{"@type":"SearchAction","target":{"@type":"EntryPoint","urlTemplate":"https:\/\/dequecolorestupiel.com\/ca\/?s={search_term_string}"},"query-input":{"@type":"PropertyValueSpecification","valueRequired":true,"valueName":"search_term_string"}}],"inLanguage":"ca"},{"@type":["Person","Organization"],"@id":"https:\/\/dequecolorestupiel.com\/ca\/#\/schema\/person\/34e7450451f21e8784b696add8eb6646","name":"enelpalomar","image":{"@type":"ImageObject","inLanguage":"ca","@id":"https:\/\/dequecolorestupiel.com\/wp-content\/uploads\/Isotipo-El-Palomar-web.png","url":"https:\/\/dequecolorestupiel.com\/wp-content\/uploads\/Isotipo-El-Palomar-web.png","contentUrl":"https:\/\/dequecolorestupiel.com\/wp-content\/uploads\/Isotipo-El-Palomar-web.png","width":512,"height":512,"caption":"enelpalomar"},"logo":{"@id":"https:\/\/dequecolorestupiel.com\/wp-content\/uploads\/Isotipo-El-Palomar-web.png"},"sameAs":["https:\/\/elpalomardejose.com\/","https:\/\/www.instagram.com\/enelpalomar\/","https:\/\/www.linkedin.com\/in\/jose-alonso-represa-43193510\/"]}]}},"_links":{"self":[{"href":"https:\/\/dequecolorestupiel.com\/ca\/wp-json\/wp\/v2\/pages\/900","targetHints":{"allow":["GET"]}}],"collection":[{"href":"https:\/\/dequecolorestupiel.com\/ca\/wp-json\/wp\/v2\/pages"}],"about":[{"href":"https:\/\/dequecolorestupiel.com\/ca\/wp-json\/wp\/v2\/types\/page"}],"author":[{"embeddable":true,"href":"https:\/\/dequecolorestupiel.com\/ca\/wp-json\/wp\/v2\/users\/1"}],"replies":[{"embeddable":true,"href":"https:\/\/dequecolorestupiel.com\/ca\/wp-json\/wp\/v2\/comments?post=900"}],"version-history":[{"count":26,"href":"https:\/\/dequecolorestupiel.com\/ca\/wp-json\/wp\/v2\/pages\/900\/revisions"}],"predecessor-version":[{"id":1499,"href":"https:\/\/dequecolorestupiel.com\/ca\/wp-json\/wp\/v2\/pages\/900\/revisions\/1499"}],"wp:featuredmedia":[{"embeddable":true,"href":"https:\/\/dequecolorestupiel.com\/ca\/wp-json\/wp\/v2\/media\/781"}],"wp:attachment":[{"href":"https:\/\/dequecolorestupiel.com\/ca\/wp-json\/wp\/v2\/media?parent=900"}],"curies":[{"name":"wp","href":"https:\/\/api.w.org\/{rel}","templated":true}]}}