{"id":840,"date":"2023-08-25T10:15:27","date_gmt":"2023-08-25T10:15:27","guid":{"rendered":"https:\/\/dequecolorestupiel.com\/collaboradors\/"},"modified":"2023-10-09T10:57:09","modified_gmt":"2023-10-09T10:57:09","slug":"collaboradors","status":"publish","type":"page","link":"https:\/\/dequecolorestupiel.com\/ca\/collaboradors\/","title":{"rendered":"Col\u00b7laboradors"},"content":{"rendered":"\t\t<div data-elementor-type=\"wp-page\" data-elementor-id=\"840\" class=\"elementor elementor-840 elementor-242\" data-elementor-post-type=\"page\">\n\t\t\t\t<div class=\"elementor-element elementor-element-1d1f9399 e-con-full e-flex e-con e-parent\" data-id=\"1d1f9399\" data-element_type=\"container\" data-e-type=\"container\">\n\t\t\t\t<div class=\"elementor-element elementor-element-6d301223 elementor-position-inline-start elementor-mobile-position-inline-start elementor-widget-tablet__width-initial elementor-widget-mobile__width-initial elementor-view-default elementor-widget elementor-widget-icon-box\" data-id=\"6d301223\" data-element_type=\"widget\" data-e-type=\"widget\" data-widget_type=\"icon-box.default\">\n\t\t\t\t<div class=\"elementor-widget-container\">\n\t\t\t\t\t\t\t<div class=\"elementor-icon-box-wrapper\">\n\n\t\t\t\t\t\t<div class=\"elementor-icon-box-icon\">\n\t\t\t\t<a href=\"https:\/\/dequecolorestupiel.com\/ca\/jose-alonso\/\" class=\"elementor-icon\" tabindex=\"-1\" aria-label=\"ANTERIOR\">\n\t\t\t\t<svg aria-hidden=\"true\" class=\"e-font-icon-svg e-fas-chevron-left\" viewBox=\"0 0 320 512\" xmlns=\"http:\/\/www.w3.org\/2000\/svg\"><path d=\"M34.52 239.03L228.87 44.69c9.37-9.37 24.57-9.37 33.94 0l22.67 22.67c9.36 9.36 9.37 24.52.04 33.9L131.49 256l154.02 154.75c9.34 9.38 9.32 24.54-.04 33.9l-22.67 22.67c-9.37 9.37-24.57 9.37-33.94 0L34.52 272.97c-9.37-9.37-9.37-24.57 0-33.94z\"><\/path><\/svg>\t\t\t\t<\/a>\n\t\t\t<\/div>\n\t\t\t\n\t\t\t\t\t\t<div class=\"elementor-icon-box-content\">\n\n\t\t\t\t\t\t\t\t\t<h3 class=\"elementor-icon-box-title\">\n\t\t\t\t\t\t<a href=\"https:\/\/dequecolorestupiel.com\/ca\/jose-alonso\/\" >\n\t\t\t\t\t\t\tANTERIOR\t\t\t\t\t\t<\/a>\n\t\t\t\t\t<\/h3>\n\t\t\t\t\n\t\t\t\t\n\t\t\t<\/div>\n\t\t\t\n\t\t<\/div>\n\t\t\t\t\t\t<\/div>\n\t\t\t\t<\/div>\n\t\t<div class=\"elementor-element elementor-element-1f4c6889 e-flex e-con-boxed e-con e-child\" data-id=\"1f4c6889\" data-element_type=\"container\" data-e-type=\"container\">\n\t\t\t\t\t<div class=\"e-con-inner\">\n\t\t<div class=\"elementor-element elementor-element-2dd542a1 e-flex e-con-boxed e-con e-child\" data-id=\"2dd542a1\" data-element_type=\"container\" data-e-type=\"container\">\n\t\t\t\t\t<div class=\"e-con-inner\">\n\t\t<div class=\"elementor-element elementor-element-5bb3f008 elementor-hidden-mobile e-flex e-con-boxed e-con e-child\" data-id=\"5bb3f008\" data-element_type=\"container\" data-e-type=\"container\">\n\t\t\t\t\t<div class=\"e-con-inner\">\n\t\t<div class=\"elementor-element elementor-element-108cf972 e-con-full e-flex e-con e-child\" data-id=\"108cf972\" data-element_type=\"container\" data-e-type=\"container\">\n\t\t\t\t<div class=\"elementor-element elementor-element-3367b07c elementor-view-default elementor-widget elementor-widget-icon\" data-id=\"3367b07c\" data-element_type=\"widget\" data-e-type=\"widget\" data-widget_type=\"icon.default\">\n\t\t\t\t<div class=\"elementor-widget-container\">\n\t\t\t\t\t\t\t<div class=\"elementor-icon-wrapper\">\n\t\t\t<a class=\"elementor-icon\" href=\"https:\/\/dequecolorestupiel.com\/ca\/\">\n\t\t\t<svg xmlns=\"http:\/\/www.w3.org\/2000\/svg\" width=\"73\" height=\"95\" viewBox=\"0 0 73 95\" fill=\"none\"><rect x=\"2.5\" y=\"2.5\" width=\"68\" height=\"89.7108\" stroke=\"#1C1C1C\" stroke-width=\"5\"><\/rect><rect y=\"64.7339\" width=\"73\" height=\"29.9768\" fill=\"#1C1C1C\"><\/rect><\/svg>\t\t\t<\/a>\n\t\t<\/div>\n\t\t\t\t\t\t<\/div>\n\t\t\t\t<\/div>\n\t\t\t\t<\/div>\n\t\t<div class=\"elementor-element elementor-element-174467ad e-flex e-con-boxed e-con e-child\" data-id=\"174467ad\" data-element_type=\"container\" data-e-type=\"container\">\n\t\t\t\t\t<div class=\"e-con-inner\">\n\t\t<div class=\"elementor-element elementor-element-34842479 e-flex e-con-boxed e-con e-child\" data-id=\"34842479\" data-element_type=\"container\" data-e-type=\"container\">\n\t\t\t\t\t<div class=\"e-con-inner\">\n\t\t\t\t<div class=\"elementor-element elementor-element-59a6692e elementor-widget elementor-widget-heading\" data-id=\"59a6692e\" data-element_type=\"widget\" data-e-type=\"widget\" data-widget_type=\"heading.default\">\n\t\t\t\t<div class=\"elementor-widget-container\">\n\t\t\t\t\t<h2 class=\"elementor-heading-title elementor-size-default\"><a href=\"https:\/\/dequecolorestupiel.com\/ca\/\">De quin color \u00e9s la teva pell?<\/a><\/h2>\t\t\t\t<\/div>\n\t\t\t\t<\/div>\n\t\t\t\t\t<\/div>\n\t\t\t\t<\/div>\n\t\t<div class=\"elementor-element elementor-element-45662e79 e-flex e-con-boxed e-con e-child\" data-id=\"45662e79\" data-element_type=\"container\" data-e-type=\"container\">\n\t\t\t\t\t<div class=\"e-con-inner\">\n\t\t\t\t<div class=\"elementor-element elementor-element-a23a728 elementor-nav-menu__align-start elementor-nav-menu--dropdown-none elementor-widget elementor-widget-nav-menu\" data-id=\"a23a728\" data-element_type=\"widget\" data-e-type=\"widget\" data-settings=\"{&quot;submenu_icon&quot;:{&quot;value&quot;:&quot;&lt;i aria-hidden=\\&quot;true\\&quot; class=\\&quot;\\&quot;&gt;&lt;\\\/i&gt;&quot;,&quot;library&quot;:&quot;&quot;},&quot;layout&quot;:&quot;horizontal&quot;}\" data-widget_type=\"nav-menu.default\">\n\t\t\t\t<div class=\"elementor-widget-container\">\n\t\t\t\t\t\t\t\t<nav aria-label=\"Menu\" class=\"elementor-nav-menu--main elementor-nav-menu__container elementor-nav-menu--layout-horizontal e--pointer-text e--animation-grow\">\n\t\t\t\t<ul id=\"menu-1-a23a728\" class=\"elementor-nav-menu\"><li class=\"menu-item wpml-ls-slot-45 wpml-ls-item wpml-ls-item-es wpml-ls-menu-item wpml-ls-first-item menu-item-type-wpml_ls_menu_item menu-item-object-wpml_ls_menu_item menu-item-wpml-ls-45-es\"><a href=\"https:\/\/dequecolorestupiel.com\/\" title=\"Switch to ES\" class=\"elementor-item\"><span class=\"wpml-ls-display\">ES<\/span><\/a><\/li>\n<li class=\"menu-item wpml-ls-slot-45 wpml-ls-item wpml-ls-item-ca wpml-ls-current-language wpml-ls-menu-item wpml-ls-last-item menu-item-type-wpml_ls_menu_item menu-item-object-wpml_ls_menu_item menu-item-wpml-ls-45-ca\"><a href=\"https:\/\/dequecolorestupiel.com\/ca\/\" title=\"Switch to CA\" class=\"elementor-item\"><span class=\"wpml-ls-display\">CA<\/span><\/a><\/li>\n<\/ul>\t\t\t<\/nav>\n\t\t\t\t\t\t<nav class=\"elementor-nav-menu--dropdown elementor-nav-menu__container\" aria-hidden=\"true\">\n\t\t\t\t<ul id=\"menu-2-a23a728\" class=\"elementor-nav-menu\"><li class=\"menu-item wpml-ls-slot-45 wpml-ls-item wpml-ls-item-es wpml-ls-menu-item wpml-ls-first-item menu-item-type-wpml_ls_menu_item menu-item-object-wpml_ls_menu_item menu-item-wpml-ls-45-es\"><a href=\"https:\/\/dequecolorestupiel.com\/\" title=\"Switch to ES\" class=\"elementor-item\" tabindex=\"-1\"><span class=\"wpml-ls-display\">ES<\/span><\/a><\/li>\n<li class=\"menu-item wpml-ls-slot-45 wpml-ls-item wpml-ls-item-ca wpml-ls-current-language wpml-ls-menu-item wpml-ls-last-item menu-item-type-wpml_ls_menu_item menu-item-object-wpml_ls_menu_item menu-item-wpml-ls-45-ca\"><a href=\"https:\/\/dequecolorestupiel.com\/ca\/\" title=\"Switch to CA\" class=\"elementor-item\" tabindex=\"-1\"><span class=\"wpml-ls-display\">CA<\/span><\/a><\/li>\n<\/ul>\t\t\t<\/nav>\n\t\t\t\t\t\t<\/div>\n\t\t\t\t<\/div>\n\t\t\t\t\t<\/div>\n\t\t\t\t<\/div>\n\t\t\t\t\t<\/div>\n\t\t\t\t<\/div>\n\t\t\t\t\t<\/div>\n\t\t\t\t<\/div>\n\t\t<div class=\"elementor-element elementor-element-2acf2429 e-flex e-con-boxed e-con e-child\" data-id=\"2acf2429\" data-element_type=\"container\" data-e-type=\"container\">\n\t\t\t\t\t<div class=\"e-con-inner\">\n\t\t\t\t<div class=\"elementor-element elementor-element-12fdf126 animated-slow elementor-invisible elementor-widget elementor-widget-heading\" data-id=\"12fdf126\" data-element_type=\"widget\" data-e-type=\"widget\" data-settings=\"{&quot;_animation&quot;:&quot;fadeIn&quot;,&quot;_animation_delay&quot;:0}\" data-widget_type=\"heading.default\">\n\t\t\t\t<div class=\"elementor-widget-container\">\n\t\t\t\t\t<h2 class=\"elementor-heading-title elementor-size-default\">Laura Correa<\/h2>\t\t\t\t<\/div>\n\t\t\t\t<\/div>\n\t\t\t\t\t<\/div>\n\t\t\t\t<\/div>\n\t\t<div class=\"elementor-element elementor-element-8a353f3 e-flex e-con-boxed e-con e-child\" data-id=\"8a353f3\" data-element_type=\"container\" data-e-type=\"container\">\n\t\t\t\t\t<div class=\"e-con-inner\">\n\t\t\t\t<div class=\"elementor-element elementor-element-b959d40 elementor-position-left elementor-vertical-align-top elementor-widget elementor-widget-image-box\" data-id=\"b959d40\" data-element_type=\"widget\" data-e-type=\"widget\" data-widget_type=\"image-box.default\">\n\t\t\t\t<div class=\"elementor-widget-container\">\n\t\t\t\t\t<div class=\"elementor-image-box-wrapper\"><figure class=\"elementor-image-box-img\"><img fetchpriority=\"high\" decoding=\"async\" width=\"404\" height=\"1026\" src=\"https:\/\/dequecolorestupiel.com\/wp-content\/uploads\/De-que-color-es-tu-piel-Laura.png\" class=\"elementor-animation-grow-rotate attachment-full size-full wp-image-789\" alt=\"\" \/><\/figure><div class=\"elementor-image-box-content\"><p class=\"elementor-image-box-description\">Hola!\n<br><br>\nS\u00f3c fot\u00f2grafa i realitzadora audiovisual amb especial inter\u00e8s en fotografia i documental. Busco entendre i interactuar amb el m\u00f3n a partir (i gr\u00e0cies) a la imatge.<\/p><\/div><\/div>\t\t\t\t<\/div>\n\t\t\t\t<\/div>\n\t\t\t\t<div class=\"elementor-element elementor-element-2353f02 e-grid-align-right elementor-shape-rounded elementor-grid-0 elementor-widget elementor-widget-social-icons\" data-id=\"2353f02\" data-element_type=\"widget\" data-e-type=\"widget\" data-widget_type=\"social-icons.default\">\n\t\t\t\t<div class=\"elementor-widget-container\">\n\t\t\t\t\t\t\t<div class=\"elementor-social-icons-wrapper elementor-grid\">\n\t\t\t\t\t\t\t<span class=\"elementor-grid-item\">\n\t\t\t\t\t<a class=\"elementor-icon elementor-social-icon elementor-social-icon-instagram elementor-repeater-item-89291c4\" href=\"https:\/\/www.instagram.com\/paquitala_delbarrio\/\" target=\"_blank\">\n\t\t\t\t\t\t<span class=\"elementor-screen-only\">Instagram<\/span>\n\t\t\t\t\t\t<svg aria-hidden=\"true\" class=\"e-font-icon-svg e-fab-instagram\" viewBox=\"0 0 448 512\" xmlns=\"http:\/\/www.w3.org\/2000\/svg\"><path d=\"M224.1 141c-63.6 0-114.9 51.3-114.9 114.9s51.3 114.9 114.9 114.9S339 319.5 339 255.9 287.7 141 224.1 141zm0 189.6c-41.1 0-74.7-33.5-74.7-74.7s33.5-74.7 74.7-74.7 74.7 33.5 74.7 74.7-33.6 74.7-74.7 74.7zm146.4-194.3c0 14.9-12 26.8-26.8 26.8-14.9 0-26.8-12-26.8-26.8s12-26.8 26.8-26.8 26.8 12 26.8 26.8zm76.1 27.2c-1.7-35.9-9.9-67.7-36.2-93.9-26.2-26.2-58-34.4-93.9-36.2-37-2.1-147.9-2.1-184.9 0-35.8 1.7-67.6 9.9-93.9 36.1s-34.4 58-36.2 93.9c-2.1 37-2.1 147.9 0 184.9 1.7 35.9 9.9 67.7 36.2 93.9s58 34.4 93.9 36.2c37 2.1 147.9 2.1 184.9 0 35.9-1.7 67.7-9.9 93.9-36.2 26.2-26.2 34.4-58 36.2-93.9 2.1-37 2.1-147.8 0-184.8zM398.8 388c-7.8 19.6-22.9 34.7-42.6 42.6-29.5 11.7-99.5 9-132.1 9s-102.7 2.6-132.1-9c-19.6-7.8-34.7-22.9-42.6-42.6-11.7-29.5-9-99.5-9-132.1s-2.6-102.7 9-132.1c7.8-19.6 22.9-34.7 42.6-42.6 29.5-11.7 99.5-9 132.1-9s102.7-2.6 132.1 9c19.6 7.8 34.7 22.9 42.6 42.6 11.7 29.5 9 99.5 9 132.1s2.7 102.7-9 132.1z\"><\/path><\/svg>\t\t\t\t\t<\/a>\n\t\t\t\t<\/span>\n\t\t\t\t\t<\/div>\n\t\t\t\t\t\t<\/div>\n\t\t\t\t<\/div>\n\t\t\t\t\t<\/div>\n\t\t\t\t<\/div>\n\t\t\t\t\t<\/div>\n\t\t\t\t<\/div>\n\t\t<div class=\"elementor-element elementor-element-49164656 e-flex e-con-boxed e-con e-child\" data-id=\"49164656\" data-element_type=\"container\" data-e-type=\"container\">\n\t\t\t\t\t<div class=\"e-con-inner\">\n\t\t<div class=\"elementor-element elementor-element-20921756 elementor-hidden-mobile e-flex e-con-boxed e-con e-child\" data-id=\"20921756\" data-element_type=\"container\" data-e-type=\"container\">\n\t\t\t\t\t<div class=\"e-con-inner\">\n\t\t<div class=\"elementor-element elementor-element-6880cf32 e-flex e-con-boxed e-con e-child\" data-id=\"6880cf32\" data-element_type=\"container\" data-e-type=\"container\">\n\t\t\t\t\t<div class=\"e-con-inner\">\n\t\t\t\t<div class=\"elementor-element elementor-element-665cd725 elementor-widget elementor-widget-heading\" data-id=\"665cd725\" data-element_type=\"widget\" data-e-type=\"widget\" data-widget_type=\"heading.default\">\n\t\t\t\t<div class=\"elementor-widget-container\">\n\t\t\t\t\t<h2 class=\"elementor-heading-title elementor-size-default\"><a href=\"https:\/\/dequecolorestupiel.com\/ca\/el-taller\/\">El Taller<\/a><\/h2>\t\t\t\t<\/div>\n\t\t\t\t<\/div>\n\t\t\t\t\t<\/div>\n\t\t\t\t<\/div>\n\t\t<div class=\"elementor-element elementor-element-5b8fd271 e-flex e-con-boxed e-con e-child\" data-id=\"5b8fd271\" data-element_type=\"container\" data-e-type=\"container\">\n\t\t\t\t\t<div class=\"e-con-inner\">\n\t\t\t\t<div class=\"elementor-element elementor-element-57814392 elementor-widget elementor-widget-heading\" data-id=\"57814392\" data-element_type=\"widget\" data-e-type=\"widget\" data-widget_type=\"heading.default\">\n\t\t\t\t<div class=\"elementor-widget-container\">\n\t\t\t\t\t<h2 class=\"elementor-heading-title elementor-size-default\"><a href=\"https:\/\/dequecolorestupiel.com\/ca\/jose-alonso\/\">Qui l'imparteix<\/a><\/h2>\t\t\t\t<\/div>\n\t\t\t\t<\/div>\n\t\t\t\t\t<\/div>\n\t\t\t\t<\/div>\n\t\t<div class=\"elementor-element elementor-element-38ff5f92 e-flex e-con-boxed e-con e-child\" data-id=\"38ff5f92\" data-element_type=\"container\" data-e-type=\"container\" data-settings=\"{&quot;background_background&quot;:&quot;classic&quot;}\">\n\t\t\t\t\t<div class=\"e-con-inner\">\n\t\t\t\t<div class=\"elementor-element elementor-element-1b253503 elementor-widget elementor-widget-heading\" data-id=\"1b253503\" data-element_type=\"widget\" data-e-type=\"widget\" data-widget_type=\"heading.default\">\n\t\t\t\t<div class=\"elementor-widget-container\">\n\t\t\t\t\t<h2 class=\"elementor-heading-title elementor-size-default\"><a href=\"#elementor-action%3Aaction%3Dpopup%3Aopen%26settings%3DeyJpZCI6ODkyLCJ0b2dnbGUiOmZhbHNlfQ%3D%3D\">Contacte<\/a><\/h2>\t\t\t\t<\/div>\n\t\t\t\t<\/div>\n\t\t\t\t\t<\/div>\n\t\t\t\t<\/div>\n\t\t\t\t\t<\/div>\n\t\t\t\t<\/div>\n\t\t<div class=\"elementor-element elementor-element-05c9152 elementor-hidden-mobile e-flex e-con-boxed e-con e-child\" data-id=\"05c9152\" data-element_type=\"container\" data-e-type=\"container\">\n\t\t\t\t\t<div class=\"e-con-inner\">\n\t\t\t\t<div class=\"elementor-element elementor-element-0a5a469 elementor-widget elementor-widget-heading\" data-id=\"0a5a469\" data-element_type=\"widget\" data-e-type=\"widget\" data-widget_type=\"heading.default\">\n\t\t\t\t<div class=\"elementor-widget-container\">\n\t\t\t\t\t<h2 class=\"elementor-heading-title elementor-size-default\">COL\u00b7LABORADORS<\/h2>\t\t\t\t<\/div>\n\t\t\t\t<\/div>\n\t\t\t\t\t<\/div>\n\t\t\t\t<\/div>\n\t\t<div class=\"elementor-element elementor-element-4a47457 e-flex e-con-boxed e-con e-child\" data-id=\"4a47457\" data-element_type=\"container\" data-e-type=\"container\">\n\t\t\t\t\t<div class=\"e-con-inner\">\n\t\t\t\t<div class=\"elementor-element elementor-element-a3b93af elementor-widget elementor-widget-heading\" data-id=\"a3b93af\" data-element_type=\"widget\" data-e-type=\"widget\" data-widget_type=\"heading.default\">\n\t\t\t\t<div class=\"elementor-widget-container\">\n\t\t\t\t\t<h2 class=\"elementor-heading-title elementor-size-default\">Carles Gilabert<\/h2>\t\t\t\t<\/div>\n\t\t\t\t<\/div>\n\t\t\t\t\t<\/div>\n\t\t\t\t<\/div>\n\t\t<div class=\"elementor-element elementor-element-b9fa3ca e-flex e-con-boxed e-con e-child\" data-id=\"b9fa3ca\" data-element_type=\"container\" data-e-type=\"container\">\n\t\t\t\t\t<div class=\"e-con-inner\">\n\t\t\t\t<div class=\"elementor-element elementor-element-6ee97f6 elementor-position-left elementor-vertical-align-top elementor-widget elementor-widget-image-box\" data-id=\"6ee97f6\" data-element_type=\"widget\" data-e-type=\"widget\" data-widget_type=\"image-box.default\">\n\t\t\t\t<div class=\"elementor-widget-container\">\n\t\t\t\t\t<div class=\"elementor-image-box-wrapper\"><figure class=\"elementor-image-box-img\"><img decoding=\"async\" width=\"326\" height=\"1041\" src=\"https:\/\/dequecolorestupiel.com\/wp-content\/uploads\/De-que-color-es-tu-piel-Carles.png\" class=\"elementor-animation-grow-rotate attachment-full size-full wp-image-788\" alt=\"\" \/><\/figure><div class=\"elementor-image-box-content\"><p class=\"elementor-image-box-description\">S\u00f3c actor i llicenciat en Filologia Catalana per la UAB.\n<br><br>\nEstudieu interpretaci\u00f3 a l'Estudi Nancy Tu\u00f1\u00f3n. Des d'aleshores, he realitzat diversos cursos de reciclatge: des de raps\u00f2dia fins a consci\u00e8ncia del moviment, passant pel treball de veu, la doma natural i la dramat\u00fargia.\n<br><br>\nHe estat membre de la companyia de teatre Parking Shakespeare durant 12 anys.\n<br><br>\nDes de jove sempre he estat vinculat al tercer sector a partir de projectes puntuals. No obstant aix\u00f2, en els \u00faltims anys Jose Alonso ha estat el pont entre el meu sector i el seu. Per aix\u00f2 he condu\u00eft diverses formacions de videocurr\u00edculum (Fundaci\u00f3 Exit), i d'aplicaci\u00f3 del teatre per millorar la comunicaci\u00f3 verbal i no verbal en l'\u00e0mbit de les compet\u00e8ncies transversals (Projecte Passwork). Ara b\u00e9, \u00e9s en aquest projecte que ens ocupa on la nostra col\u00b7laboraci\u00f3 ha anat m\u00e9s enll\u00e0 i em fa sentir molt orgull\u00f3s que ell hagi volgut fer-me part\u00edcip.<\/p><\/div><\/div>\t\t\t\t<\/div>\n\t\t\t\t<\/div>\n\t\t\t\t<div class=\"elementor-element elementor-element-e0afb86 e-grid-align-right elementor-shape-rounded elementor-grid-0 elementor-widget elementor-widget-social-icons\" data-id=\"e0afb86\" data-element_type=\"widget\" data-e-type=\"widget\" data-widget_type=\"social-icons.default\">\n\t\t\t\t<div class=\"elementor-widget-container\">\n\t\t\t\t\t\t\t<div class=\"elementor-social-icons-wrapper elementor-grid\" role=\"list\">\n\t\t\t\t\t\t\t<span class=\"elementor-grid-item\" role=\"listitem\">\n\t\t\t\t\t<a class=\"elementor-icon elementor-social-icon elementor-social-icon-link elementor-repeater-item-abede21\" href=\"https:\/\/lafarandulactores.com\/actor\/carles-gilabert\/\" target=\"_blank\">\n\t\t\t\t\t\t<span class=\"elementor-screen-only\">Link<\/span>\n\t\t\t\t\t\t<svg aria-hidden=\"true\" class=\"e-font-icon-svg e-fas-link\" viewBox=\"0 0 512 512\" xmlns=\"http:\/\/www.w3.org\/2000\/svg\"><path d=\"M326.612 185.391c59.747 59.809 58.927 155.698.36 214.59-.11.12-.24.25-.36.37l-67.2 67.2c-59.27 59.27-155.699 59.262-214.96 0-59.27-59.26-59.27-155.7 0-214.96l37.106-37.106c9.84-9.84 26.786-3.3 27.294 10.606.648 17.722 3.826 35.527 9.69 52.721 1.986 5.822.567 12.262-3.783 16.612l-13.087 13.087c-28.026 28.026-28.905 73.66-1.155 101.96 28.024 28.579 74.086 28.749 102.325.51l67.2-67.19c28.191-28.191 28.073-73.757 0-101.83-3.701-3.694-7.429-6.564-10.341-8.569a16.037 16.037 0 0 1-6.947-12.606c-.396-10.567 3.348-21.456 11.698-29.806l21.054-21.055c5.521-5.521 14.182-6.199 20.584-1.731a152.482 152.482 0 0 1 20.522 17.197zM467.547 44.449c-59.261-59.262-155.69-59.27-214.96 0l-67.2 67.2c-.12.12-.25.25-.36.37-58.566 58.892-59.387 154.781.36 214.59a152.454 152.454 0 0 0 20.521 17.196c6.402 4.468 15.064 3.789 20.584-1.731l21.054-21.055c8.35-8.35 12.094-19.239 11.698-29.806a16.037 16.037 0 0 0-6.947-12.606c-2.912-2.005-6.64-4.875-10.341-8.569-28.073-28.073-28.191-73.639 0-101.83l67.2-67.19c28.239-28.239 74.3-28.069 102.325.51 27.75 28.3 26.872 73.934-1.155 101.96l-13.087 13.087c-4.35 4.35-5.769 10.79-3.783 16.612 5.864 17.194 9.042 34.999 9.69 52.721.509 13.906 17.454 20.446 27.294 10.606l37.106-37.106c59.271-59.259 59.271-155.699.001-214.959z\"><\/path><\/svg>\t\t\t\t\t<\/a>\n\t\t\t\t<\/span>\n\t\t\t\t\t\t\t<span class=\"elementor-grid-item\" role=\"listitem\">\n\t\t\t\t\t<a class=\"elementor-icon elementor-social-icon elementor-social-icon-instagram elementor-repeater-item-89291c4\" href=\"https:\/\/www.instagram.com\/carles_gilabert\/\" target=\"_blank\">\n\t\t\t\t\t\t<span class=\"elementor-screen-only\">Instagram<\/span>\n\t\t\t\t\t\t<svg aria-hidden=\"true\" class=\"e-font-icon-svg e-fab-instagram\" viewBox=\"0 0 448 512\" xmlns=\"http:\/\/www.w3.org\/2000\/svg\"><path d=\"M224.1 141c-63.6 0-114.9 51.3-114.9 114.9s51.3 114.9 114.9 114.9S339 319.5 339 255.9 287.7 141 224.1 141zm0 189.6c-41.1 0-74.7-33.5-74.7-74.7s33.5-74.7 74.7-74.7 74.7 33.5 74.7 74.7-33.6 74.7-74.7 74.7zm146.4-194.3c0 14.9-12 26.8-26.8 26.8-14.9 0-26.8-12-26.8-26.8s12-26.8 26.8-26.8 26.8 12 26.8 26.8zm76.1 27.2c-1.7-35.9-9.9-67.7-36.2-93.9-26.2-26.2-58-34.4-93.9-36.2-37-2.1-147.9-2.1-184.9 0-35.8 1.7-67.6 9.9-93.9 36.1s-34.4 58-36.2 93.9c-2.1 37-2.1 147.9 0 184.9 1.7 35.9 9.9 67.7 36.2 93.9s58 34.4 93.9 36.2c37 2.1 147.9 2.1 184.9 0 35.9-1.7 67.7-9.9 93.9-36.2 26.2-26.2 34.4-58 36.2-93.9 2.1-37 2.1-147.8 0-184.8zM398.8 388c-7.8 19.6-22.9 34.7-42.6 42.6-29.5 11.7-99.5 9-132.1 9s-102.7 2.6-132.1-9c-19.6-7.8-34.7-22.9-42.6-42.6-11.7-29.5-9-99.5-9-132.1s-2.6-102.7 9-132.1c7.8-19.6 22.9-34.7 42.6-42.6 29.5-11.7 99.5-9 132.1-9s102.7-2.6 132.1 9c19.6 7.8 34.7 22.9 42.6 42.6 11.7 29.5 9 99.5 9 132.1s2.7 102.7-9 132.1z\"><\/path><\/svg>\t\t\t\t\t<\/a>\n\t\t\t\t<\/span>\n\t\t\t\t\t<\/div>\n\t\t\t\t\t\t<\/div>\n\t\t\t\t<\/div>\n\t\t\t\t\t<\/div>\n\t\t\t\t<\/div>\n\t\t\t\t\t<\/div>\n\t\t\t\t<\/div>\n\t\t\t\t\t<\/div>\n\t\t\t\t<\/div>\n\t\t\t\t<div class=\"elementor-element elementor-element-5fd51088 elementor-position-inline-end elementor-mobile-position-inline-end elementor-widget-tablet__width-initial elementor-widget-mobile__width-initial elementor-view-default elementor-widget elementor-widget-icon-box\" data-id=\"5fd51088\" data-element_type=\"widget\" data-e-type=\"widget\" data-widget_type=\"icon-box.default\">\n\t\t\t\t<div class=\"elementor-widget-container\">\n\t\t\t\t\t\t\t<div class=\"elementor-icon-box-wrapper\">\n\n\t\t\t\t\t\t<div class=\"elementor-icon-box-icon\">\n\t\t\t\t<a href=\"https:\/\/dequecolorestupiel.com\/ca\/collaboradors-2\/\" class=\"elementor-icon\" tabindex=\"-1\" aria-label=\"SEG\u00dcENT\">\n\t\t\t\t<svg aria-hidden=\"true\" class=\"e-font-icon-svg e-fas-chevron-right\" viewBox=\"0 0 320 512\" xmlns=\"http:\/\/www.w3.org\/2000\/svg\"><path d=\"M285.476 272.971L91.132 467.314c-9.373 9.373-24.569 9.373-33.941 0l-22.667-22.667c-9.357-9.357-9.375-24.522-.04-33.901L188.505 256 34.484 101.255c-9.335-9.379-9.317-24.544.04-33.901l22.667-22.667c9.373-9.373 24.569-9.373 33.941 0L285.475 239.03c9.373 9.372 9.373 24.568.001 33.941z\"><\/path><\/svg>\t\t\t\t<\/a>\n\t\t\t<\/div>\n\t\t\t\n\t\t\t\t\t\t<div class=\"elementor-icon-box-content\">\n\n\t\t\t\t\t\t\t\t\t<h3 class=\"elementor-icon-box-title\">\n\t\t\t\t\t\t<a href=\"https:\/\/dequecolorestupiel.com\/ca\/collaboradors-2\/\" >\n\t\t\t\t\t\t\tSEG\u00dcENT\t\t\t\t\t\t<\/a>\n\t\t\t\t\t<\/h3>\n\t\t\t\t\n\t\t\t\t\n\t\t\t<\/div>\n\t\t\t\n\t\t<\/div>\n\t\t\t\t\t\t<\/div>\n\t\t\t\t<\/div>\n\t\t\t\t<\/div>\n\t\t\t\t<\/div>\n\t\t","protected":false},"excerpt":{"rendered":"<p>ANTERIOR Laura Correa Hola! S\u00f3c fot\u00f2grafa i realitzadora audiovisual amb especial inter\u00e8s en fotografia i documental. Busco entendre i interactuar amb el m\u00f3n a partir (i gr\u00e0cies) a la imatge. Instagram El Taller Qui l&#8217;imparteix Contacte COL\u00b7LABORADORS Carles Gilabert S\u00f3c actor i llicenciat en Filologia Catalana per la UAB. Estudieu interpretaci\u00f3 a l&#8217;Estudi Nancy Tu\u00f1\u00f3n. [&hellip;]<\/p>\n","protected":false},"author":1,"featured_media":0,"parent":0,"menu_order":0,"comment_status":"closed","ping_status":"closed","template":"elementor_header_footer","meta":{"_acf_changed":false,"footnotes":"","_links_to":"","_links_to_target":""},"class_list":["post-840","page","type-page","status-publish","hentry"],"acf":[],"yoast_head":"<!-- This site is optimized with the Yoast SEO plugin v27.5 - https:\/\/yoast.com\/product\/yoast-seo-wordpress\/ -->\n<title>Col\u00b7laboradors del taller De quin color \u00e9s la teva pell?<\/title>\n<meta name=\"description\" content=\"Laura, Carles i Teo s\u00f3n les persones que m&#039;acompanyen en el desenvolupament d&#039;aquest taller en el qual reflexionem sobre el color de pell.\" \/>\n<meta name=\"robots\" content=\"index, follow, max-snippet:-1, max-image-preview:large, max-video-preview:-1\" \/>\n<link rel=\"canonical\" href=\"https:\/\/dequecolorestupiel.com\/ca\/collaboradors\/\" \/>\n<meta property=\"og:locale\" content=\"ca_ES\" \/>\n<meta property=\"og:type\" content=\"article\" \/>\n<meta property=\"og:title\" content=\"Col\u00b7laboradors del taller De quin color \u00e9s la teva pell?\" \/>\n<meta property=\"og:description\" content=\"Laura, Carles i Teo s\u00f3n les persones que m&#039;acompanyen en el desenvolupament d&#039;aquest taller en el qual reflexionem sobre el color de pell.\" \/>\n<meta property=\"og:url\" content=\"https:\/\/dequecolorestupiel.com\/ca\/collaboradors\/\" \/>\n<meta property=\"og:site_name\" content=\"De quin color \u00e9s la teva pell?\" \/>\n<meta property=\"article:modified_time\" content=\"2023-10-09T10:57:09+00:00\" \/>\n<meta property=\"og:image\" content=\"https:\/\/dequecolorestupiel.com\/wp-content\/uploads\/De-que-color-es-tu-piel-Laura.png\" \/>\n<meta name=\"twitter:card\" content=\"summary_large_image\" \/>\n<meta name=\"twitter:label1\" content=\"Temps estimat de lectura\" \/>\n\t<meta name=\"twitter:data1\" content=\"2 minuts\" \/>\n<script type=\"application\/ld+json\" class=\"yoast-schema-graph\">{\"@context\":\"https:\\\/\\\/schema.org\",\"@graph\":[{\"@type\":\"WebPage\",\"@id\":\"https:\\\/\\\/dequecolorestupiel.com\\\/ca\\\/collaboradors\\\/\",\"url\":\"https:\\\/\\\/dequecolorestupiel.com\\\/ca\\\/collaboradors\\\/\",\"name\":\"Col\u00b7laboradors del taller De quin color \u00e9s la teva pell?\",\"isPartOf\":{\"@id\":\"https:\\\/\\\/dequecolorestupiel.com\\\/ca\\\/#website\"},\"primaryImageOfPage\":{\"@id\":\"https:\\\/\\\/dequecolorestupiel.com\\\/ca\\\/collaboradors\\\/#primaryimage\"},\"image\":{\"@id\":\"https:\\\/\\\/dequecolorestupiel.com\\\/ca\\\/collaboradors\\\/#primaryimage\"},\"thumbnailUrl\":\"https:\\\/\\\/dequecolorestupiel.com\\\/wp-content\\\/uploads\\\/De-que-color-es-tu-piel-Laura.png\",\"datePublished\":\"2023-08-25T10:15:27+00:00\",\"dateModified\":\"2023-10-09T10:57:09+00:00\",\"description\":\"Laura, Carles i Teo s\u00f3n les persones que m'acompanyen en el desenvolupament d'aquest taller en el qual reflexionem sobre el color de pell.\",\"breadcrumb\":{\"@id\":\"https:\\\/\\\/dequecolorestupiel.com\\\/ca\\\/collaboradors\\\/#breadcrumb\"},\"inLanguage\":\"ca\",\"potentialAction\":[{\"@type\":\"ReadAction\",\"target\":[\"https:\\\/\\\/dequecolorestupiel.com\\\/ca\\\/collaboradors\\\/\"]}]},{\"@type\":\"ImageObject\",\"inLanguage\":\"ca\",\"@id\":\"https:\\\/\\\/dequecolorestupiel.com\\\/ca\\\/collaboradors\\\/#primaryimage\",\"url\":\"https:\\\/\\\/dequecolorestupiel.com\\\/wp-content\\\/uploads\\\/De-que-color-es-tu-piel-Laura.png\",\"contentUrl\":\"https:\\\/\\\/dequecolorestupiel.com\\\/wp-content\\\/uploads\\\/De-que-color-es-tu-piel-Laura.png\"},{\"@type\":\"BreadcrumbList\",\"@id\":\"https:\\\/\\\/dequecolorestupiel.com\\\/ca\\\/collaboradors\\\/#breadcrumb\",\"itemListElement\":[{\"@type\":\"ListItem\",\"position\":1,\"name\":\"Portada\",\"item\":\"https:\\\/\\\/dequecolorestupiel.com\\\/ca\\\/portada\\\/\"},{\"@type\":\"ListItem\",\"position\":2,\"name\":\"Col\u00b7laboradors\"}]},{\"@type\":\"WebSite\",\"@id\":\"https:\\\/\\\/dequecolorestupiel.com\\\/ca\\\/#website\",\"url\":\"https:\\\/\\\/dequecolorestupiel.com\\\/ca\\\/\",\"name\":\"De quin color \u00e9s la teva pell?\",\"description\":\"Taller del Palomar de Jose que convida a reflexionar sobre la discriminaci\u00f3 i el racisme en l'\u00e0mbit educatiu\",\"publisher\":{\"@id\":\"https:\\\/\\\/dequecolorestupiel.com\\\/ca\\\/#\\\/schema\\\/person\\\/34e7450451f21e8784b696add8eb6646\"},\"potentialAction\":[{\"@type\":\"SearchAction\",\"target\":{\"@type\":\"EntryPoint\",\"urlTemplate\":\"https:\\\/\\\/dequecolorestupiel.com\\\/ca\\\/?s={search_term_string}\"},\"query-input\":{\"@type\":\"PropertyValueSpecification\",\"valueRequired\":true,\"valueName\":\"search_term_string\"}}],\"inLanguage\":\"ca\"},{\"@type\":[\"Person\",\"Organization\"],\"@id\":\"https:\\\/\\\/dequecolorestupiel.com\\\/ca\\\/#\\\/schema\\\/person\\\/34e7450451f21e8784b696add8eb6646\",\"name\":\"enelpalomar\",\"image\":{\"@type\":\"ImageObject\",\"inLanguage\":\"ca\",\"@id\":\"https:\\\/\\\/dequecolorestupiel.com\\\/wp-content\\\/uploads\\\/Isotipo-El-Palomar-web.png\",\"url\":\"https:\\\/\\\/dequecolorestupiel.com\\\/wp-content\\\/uploads\\\/Isotipo-El-Palomar-web.png\",\"contentUrl\":\"https:\\\/\\\/dequecolorestupiel.com\\\/wp-content\\\/uploads\\\/Isotipo-El-Palomar-web.png\",\"width\":512,\"height\":512,\"caption\":\"enelpalomar\"},\"logo\":{\"@id\":\"https:\\\/\\\/dequecolorestupiel.com\\\/wp-content\\\/uploads\\\/Isotipo-El-Palomar-web.png\"},\"sameAs\":[\"https:\\\/\\\/elpalomardejose.com\\\/\",\"https:\\\/\\\/www.instagram.com\\\/enelpalomar\\\/\",\"https:\\\/\\\/www.linkedin.com\\\/in\\\/jose-alonso-represa-43193510\\\/\"]}]}<\/script>\n<!-- \/ Yoast SEO plugin. -->","yoast_head_json":{"title":"Col\u00b7laboradors del taller De quin color \u00e9s la teva pell?","description":"Laura, Carles i Teo s\u00f3n les persones que m'acompanyen en el desenvolupament d'aquest taller en el qual reflexionem sobre el color de pell.","robots":{"index":"index","follow":"follow","max-snippet":"max-snippet:-1","max-image-preview":"max-image-preview:large","max-video-preview":"max-video-preview:-1"},"canonical":"https:\/\/dequecolorestupiel.com\/ca\/collaboradors\/","og_locale":"ca_ES","og_type":"article","og_title":"Col\u00b7laboradors del taller De quin color \u00e9s la teva pell?","og_description":"Laura, Carles i Teo s\u00f3n les persones que m'acompanyen en el desenvolupament d'aquest taller en el qual reflexionem sobre el color de pell.","og_url":"https:\/\/dequecolorestupiel.com\/ca\/collaboradors\/","og_site_name":"De quin color \u00e9s la teva pell?","article_modified_time":"2023-10-09T10:57:09+00:00","og_image":[{"url":"https:\/\/dequecolorestupiel.com\/wp-content\/uploads\/De-que-color-es-tu-piel-Laura.png","type":"","width":"","height":""}],"twitter_card":"summary_large_image","twitter_misc":{"Temps estimat de lectura":"2 minuts"},"schema":{"@context":"https:\/\/schema.org","@graph":[{"@type":"WebPage","@id":"https:\/\/dequecolorestupiel.com\/ca\/collaboradors\/","url":"https:\/\/dequecolorestupiel.com\/ca\/collaboradors\/","name":"Col\u00b7laboradors del taller De quin color \u00e9s la teva pell?","isPartOf":{"@id":"https:\/\/dequecolorestupiel.com\/ca\/#website"},"primaryImageOfPage":{"@id":"https:\/\/dequecolorestupiel.com\/ca\/collaboradors\/#primaryimage"},"image":{"@id":"https:\/\/dequecolorestupiel.com\/ca\/collaboradors\/#primaryimage"},"thumbnailUrl":"https:\/\/dequecolorestupiel.com\/wp-content\/uploads\/De-que-color-es-tu-piel-Laura.png","datePublished":"2023-08-25T10:15:27+00:00","dateModified":"2023-10-09T10:57:09+00:00","description":"Laura, Carles i Teo s\u00f3n les persones que m'acompanyen en el desenvolupament d'aquest taller en el qual reflexionem sobre el color de pell.","breadcrumb":{"@id":"https:\/\/dequecolorestupiel.com\/ca\/collaboradors\/#breadcrumb"},"inLanguage":"ca","potentialAction":[{"@type":"ReadAction","target":["https:\/\/dequecolorestupiel.com\/ca\/collaboradors\/"]}]},{"@type":"ImageObject","inLanguage":"ca","@id":"https:\/\/dequecolorestupiel.com\/ca\/collaboradors\/#primaryimage","url":"https:\/\/dequecolorestupiel.com\/wp-content\/uploads\/De-que-color-es-tu-piel-Laura.png","contentUrl":"https:\/\/dequecolorestupiel.com\/wp-content\/uploads\/De-que-color-es-tu-piel-Laura.png"},{"@type":"BreadcrumbList","@id":"https:\/\/dequecolorestupiel.com\/ca\/collaboradors\/#breadcrumb","itemListElement":[{"@type":"ListItem","position":1,"name":"Portada","item":"https:\/\/dequecolorestupiel.com\/ca\/portada\/"},{"@type":"ListItem","position":2,"name":"Col\u00b7laboradors"}]},{"@type":"WebSite","@id":"https:\/\/dequecolorestupiel.com\/ca\/#website","url":"https:\/\/dequecolorestupiel.com\/ca\/","name":"De quin color \u00e9s la teva pell?","description":"Taller del Palomar de Jose que convida a reflexionar sobre la discriminaci\u00f3 i el racisme en l'\u00e0mbit educatiu","publisher":{"@id":"https:\/\/dequecolorestupiel.com\/ca\/#\/schema\/person\/34e7450451f21e8784b696add8eb6646"},"potentialAction":[{"@type":"SearchAction","target":{"@type":"EntryPoint","urlTemplate":"https:\/\/dequecolorestupiel.com\/ca\/?s={search_term_string}"},"query-input":{"@type":"PropertyValueSpecification","valueRequired":true,"valueName":"search_term_string"}}],"inLanguage":"ca"},{"@type":["Person","Organization"],"@id":"https:\/\/dequecolorestupiel.com\/ca\/#\/schema\/person\/34e7450451f21e8784b696add8eb6646","name":"enelpalomar","image":{"@type":"ImageObject","inLanguage":"ca","@id":"https:\/\/dequecolorestupiel.com\/wp-content\/uploads\/Isotipo-El-Palomar-web.png","url":"https:\/\/dequecolorestupiel.com\/wp-content\/uploads\/Isotipo-El-Palomar-web.png","contentUrl":"https:\/\/dequecolorestupiel.com\/wp-content\/uploads\/Isotipo-El-Palomar-web.png","width":512,"height":512,"caption":"enelpalomar"},"logo":{"@id":"https:\/\/dequecolorestupiel.com\/wp-content\/uploads\/Isotipo-El-Palomar-web.png"},"sameAs":["https:\/\/elpalomardejose.com\/","https:\/\/www.instagram.com\/enelpalomar\/","https:\/\/www.linkedin.com\/in\/jose-alonso-represa-43193510\/"]}]}},"_links":{"self":[{"href":"https:\/\/dequecolorestupiel.com\/ca\/wp-json\/wp\/v2\/pages\/840","targetHints":{"allow":["GET"]}}],"collection":[{"href":"https:\/\/dequecolorestupiel.com\/ca\/wp-json\/wp\/v2\/pages"}],"about":[{"href":"https:\/\/dequecolorestupiel.com\/ca\/wp-json\/wp\/v2\/types\/page"}],"author":[{"embeddable":true,"href":"https:\/\/dequecolorestupiel.com\/ca\/wp-json\/wp\/v2\/users\/1"}],"replies":[{"embeddable":true,"href":"https:\/\/dequecolorestupiel.com\/ca\/wp-json\/wp\/v2\/comments?post=840"}],"version-history":[{"count":19,"href":"https:\/\/dequecolorestupiel.com\/ca\/wp-json\/wp\/v2\/pages\/840\/revisions"}],"predecessor-version":[{"id":1446,"href":"https:\/\/dequecolorestupiel.com\/ca\/wp-json\/wp\/v2\/pages\/840\/revisions\/1446"}],"wp:attachment":[{"href":"https:\/\/dequecolorestupiel.com\/ca\/wp-json\/wp\/v2\/media?parent=840"}],"curies":[{"name":"wp","href":"https:\/\/api.w.org\/{rel}","templated":true}]}}