{"id":1159,"date":"2023-09-19T15:06:52","date_gmt":"2023-09-19T15:06:52","guid":{"rendered":"https:\/\/dequecolorestupiel.com\/politica-de-reemborsament\/"},"modified":"2023-09-27T14:07:01","modified_gmt":"2023-09-27T14:07:01","slug":"politica-de-reemborsament","status":"publish","type":"page","link":"https:\/\/dequecolorestupiel.com\/ca\/politica-de-reemborsament\/","title":{"rendered":"Pol\u00edtica de Reemborsament"},"content":{"rendered":"\t\t<div data-elementor-type=\"wp-page\" data-elementor-id=\"1159\" class=\"elementor elementor-1159 elementor-1144\" data-elementor-post-type=\"page\">\n\t\t\t\t<div class=\"elementor-element elementor-element-3408abb e-flex e-con-boxed e-con e-parent\" data-id=\"3408abb\" data-element_type=\"container\" data-e-type=\"container\">\n\t\t\t\t\t<div class=\"e-con-inner\">\n\t\t\t\t<div class=\"elementor-element elementor-element-a1c00fc elementor-widget elementor-widget-spacer\" data-id=\"a1c00fc\" data-element_type=\"widget\" data-e-type=\"widget\" data-widget_type=\"spacer.default\">\n\t\t\t\t<div class=\"elementor-widget-container\">\n\t\t\t\t\t\t\t<div class=\"elementor-spacer\">\n\t\t\t<div class=\"elementor-spacer-inner\"><\/div>\n\t\t<\/div>\n\t\t\t\t\t\t<\/div>\n\t\t\t\t<\/div>\n\t\t\t\t<div class=\"elementor-element elementor-element-7ae98a5 elementor-widget elementor-widget-text-editor\" data-id=\"7ae98a5\" data-element_type=\"widget\" data-e-type=\"widget\" data-widget_type=\"text-editor.default\">\n\t\t\t\t<div class=\"elementor-widget-container\">\n\t\t\t\t\t\t\t\t\t<div class=\"page\" title=\"Page 1\">\n<div class=\"layoutArea\">\n<div class=\"column\">\n<p>Gr\u00e0cies per confiar en nosaltres. Si no est\u00e0s totalment satisfet amb la contractaci\u00f3 del servei, som aqu\u00ed per ajudar-te!<\/p>\n<\/p>\n<div class=\"page\" title=\"Page 1\">\n<div class=\"layoutArea\">\n<div class=\"column\">\n<h2>Devolucions<\/h2>\n<p>Ens prenem la satisfacci\u00f3 del client molt en serio. Totes les reclamacions per serveis prestats s&#8217; han de fer dins dels 14 dies seg\u00fcents a la prestaci\u00f3 d&#8217; aquests, escrivint a jose@elpalomardejose.com. Haur\u00e0 de proporcionar informaci\u00f3 detallada de qualsevol error imputable a nosaltres dins d&#8217; aquest termini. Per poder realitzar la sol\u00b7licitud, el termini establert aix\u00ed com la documentaci\u00f3 a aportar i error com\u00e8s ha de quedar clarament demostrat.<\/p>\n<\/p>\n<h2>Reemborsaments i canvis<\/h2>\n<p>Si no est\u00e0 satisfet amb els nostres serveis, pot sol\u00b7licitar un reemborsament del preu total de la contractaci\u00f3 dins dels 14 dies seg\u00fcents a la data de compra. Perqu\u00e8 el reemborsament sigui v\u00e0lid, el servei no pot haver-se vist afectat per falta d&#8217;informaci\u00f3 o qualsevol sol\u00b7licitud al client no complerta per aquest i per tant imputable al mateix.<\/p>\n<p>Un cop rebem la seva reclamaci\u00f3, el nostre departament legal estudiar\u00e0 la sol\u00b7licitud presentada i li notificarem que hem rebut la mateixa. Li notificarem immediatament l&#8217;estat de la seva sol\u00b7licitud en el moment de la seva resoluci\u00f3.<\/p>\n<p>Si el seu reemborsament \u00e9s aprovat, iniciarem un reemborsament en la seva targeta de cr\u00e8dit (o m\u00e8tode de pagament original). Rebr\u00e0 el cr\u00e8dit en un termini determinat de 15 dies, depenent de les pol\u00edtiques de l&#8217; emissor de la seva targeta.<\/p>\n<\/p>\n<h2>Tramesa<\/h2>\n<p>Les despeses de tramesa de documentaci\u00f3 i altres per part del client hauran de ser sufragades per aquest, sense que pugui reclamar-se en cap cas al titular prestador del servei.<\/p>\n<\/p>\n<h2>Contacte amb l&#8217; empresa<\/h2>\n<p>Si t\u00e9 alguna pregunta sobre com retornar el seu article, poseu-se en contacte amb nosaltres en <a href=\"mailto:jose@elpalomardejose.com\" target=\"_blank\" rel=\"noopener\">jose@elpalomardejose.com<\/a>.<\/p>\n<\/div>\n<\/div>\n<\/div>\n<\/div>\n<\/div>\n<\/div>\n\t\t\t\t\t\t\t\t<\/div>\n\t\t\t\t<\/div>\n\t\t\t\t\t<\/div>\n\t\t\t\t<\/div>\n\t\t\t\t<\/div>\n\t\t","protected":false},"excerpt":{"rendered":"<p>Gr\u00e0cies per confiar en nosaltres. Si no est\u00e0s totalment satisfet amb la contractaci\u00f3 del servei, som aqu\u00ed per ajudar-te! Devolucions Ens prenem la satisfacci\u00f3 del client molt en serio. Totes les reclamacions per serveis prestats s&#8217; han de fer dins dels 14 dies seg\u00fcents a la prestaci\u00f3 d&#8217; aquests, escrivint a jose@elpalomardejose.com. Haur\u00e0 de proporcionar [&hellip;]<\/p>\n","protected":false},"author":1,"featured_media":0,"parent":0,"menu_order":0,"comment_status":"closed","ping_status":"closed","template":"elementor_header_footer","meta":{"_acf_changed":false,"footnotes":"","_links_to":"","_links_to_target":""},"class_list":["post-1159","page","type-page","status-publish","hentry"],"acf":[],"yoast_head":"<!-- This site is optimized with the Yoast SEO plugin v27.5 - https:\/\/yoast.com\/product\/yoast-seo-wordpress\/ -->\n<title>Pol\u00edtica de Reemborsament | De quin color \u00e9s la teva pell?<\/title>\n<meta name=\"robots\" content=\"index, follow, max-snippet:-1, max-image-preview:large, max-video-preview:-1\" \/>\n<link rel=\"canonical\" href=\"https:\/\/dequecolorestupiel.com\/ca\/politica-de-reemborsament\/\" \/>\n<meta property=\"og:locale\" content=\"ca_ES\" \/>\n<meta property=\"og:type\" content=\"article\" \/>\n<meta property=\"og:title\" content=\"Pol\u00edtica de Reemborsament | De quin color \u00e9s la teva pell?\" \/>\n<meta property=\"og:description\" content=\"Gr\u00e0cies per confiar en nosaltres. Si no est\u00e0s totalment satisfet amb la contractaci\u00f3 del servei, som aqu\u00ed per ajudar-te! Devolucions Ens prenem la satisfacci\u00f3 del client molt en serio. Totes les reclamacions per serveis prestats s&#8217; han de fer dins dels 14 dies seg\u00fcents a la prestaci\u00f3 d&#8217; aquests, escrivint a jose@elpalomardejose.com. Haur\u00e0 de proporcionar [&hellip;]\" \/>\n<meta property=\"og:url\" content=\"https:\/\/dequecolorestupiel.com\/ca\/politica-de-reemborsament\/\" \/>\n<meta property=\"og:site_name\" content=\"De quin color \u00e9s la teva pell?\" \/>\n<meta property=\"article:modified_time\" content=\"2023-09-27T14:07:01+00:00\" \/>\n<meta property=\"og:image\" content=\"https:\/\/dequecolorestupiel.com\/wp-content\/uploads\/De-que-color-es-tu-piel.jpg\" \/>\n\t<meta property=\"og:image:width\" content=\"1200\" \/>\n\t<meta property=\"og:image:height\" content=\"675\" \/>\n\t<meta property=\"og:image:type\" content=\"image\/jpeg\" \/>\n<meta name=\"twitter:card\" content=\"summary_large_image\" \/>\n<meta name=\"twitter:label1\" content=\"Temps estimat de lectura\" \/>\n\t<meta name=\"twitter:data1\" content=\"1 minut\" \/>\n<script type=\"application\/ld+json\" class=\"yoast-schema-graph\">{\"@context\":\"https:\\\/\\\/schema.org\",\"@graph\":[{\"@type\":\"WebPage\",\"@id\":\"https:\\\/\\\/dequecolorestupiel.com\\\/ca\\\/politica-de-reemborsament\\\/\",\"url\":\"https:\\\/\\\/dequecolorestupiel.com\\\/ca\\\/politica-de-reemborsament\\\/\",\"name\":\"Pol\u00edtica de Reemborsament | De quin color \u00e9s la teva pell?\",\"isPartOf\":{\"@id\":\"https:\\\/\\\/dequecolorestupiel.com\\\/ca\\\/#website\"},\"datePublished\":\"2023-09-19T15:06:52+00:00\",\"dateModified\":\"2023-09-27T14:07:01+00:00\",\"breadcrumb\":{\"@id\":\"https:\\\/\\\/dequecolorestupiel.com\\\/ca\\\/politica-de-reemborsament\\\/#breadcrumb\"},\"inLanguage\":\"ca\",\"potentialAction\":[{\"@type\":\"ReadAction\",\"target\":[\"https:\\\/\\\/dequecolorestupiel.com\\\/ca\\\/politica-de-reemborsament\\\/\"]}]},{\"@type\":\"BreadcrumbList\",\"@id\":\"https:\\\/\\\/dequecolorestupiel.com\\\/ca\\\/politica-de-reemborsament\\\/#breadcrumb\",\"itemListElement\":[{\"@type\":\"ListItem\",\"position\":1,\"name\":\"Portada\",\"item\":\"https:\\\/\\\/dequecolorestupiel.com\\\/ca\\\/portada\\\/\"},{\"@type\":\"ListItem\",\"position\":2,\"name\":\"Pol\u00edtica de Reemborsament\"}]},{\"@type\":\"WebSite\",\"@id\":\"https:\\\/\\\/dequecolorestupiel.com\\\/ca\\\/#website\",\"url\":\"https:\\\/\\\/dequecolorestupiel.com\\\/ca\\\/\",\"name\":\"De quin color \u00e9s la teva pell?\",\"description\":\"Taller del Palomar de Jose que convida a reflexionar sobre la discriminaci\u00f3 i el racisme en l'\u00e0mbit educatiu\",\"publisher\":{\"@id\":\"https:\\\/\\\/dequecolorestupiel.com\\\/ca\\\/#\\\/schema\\\/person\\\/34e7450451f21e8784b696add8eb6646\"},\"potentialAction\":[{\"@type\":\"SearchAction\",\"target\":{\"@type\":\"EntryPoint\",\"urlTemplate\":\"https:\\\/\\\/dequecolorestupiel.com\\\/ca\\\/?s={search_term_string}\"},\"query-input\":{\"@type\":\"PropertyValueSpecification\",\"valueRequired\":true,\"valueName\":\"search_term_string\"}}],\"inLanguage\":\"ca\"},{\"@type\":[\"Person\",\"Organization\"],\"@id\":\"https:\\\/\\\/dequecolorestupiel.com\\\/ca\\\/#\\\/schema\\\/person\\\/34e7450451f21e8784b696add8eb6646\",\"name\":\"enelpalomar\",\"image\":{\"@type\":\"ImageObject\",\"inLanguage\":\"ca\",\"@id\":\"https:\\\/\\\/dequecolorestupiel.com\\\/wp-content\\\/uploads\\\/Isotipo-El-Palomar-web.png\",\"url\":\"https:\\\/\\\/dequecolorestupiel.com\\\/wp-content\\\/uploads\\\/Isotipo-El-Palomar-web.png\",\"contentUrl\":\"https:\\\/\\\/dequecolorestupiel.com\\\/wp-content\\\/uploads\\\/Isotipo-El-Palomar-web.png\",\"width\":512,\"height\":512,\"caption\":\"enelpalomar\"},\"logo\":{\"@id\":\"https:\\\/\\\/dequecolorestupiel.com\\\/wp-content\\\/uploads\\\/Isotipo-El-Palomar-web.png\"},\"sameAs\":[\"https:\\\/\\\/elpalomardejose.com\\\/\",\"https:\\\/\\\/www.instagram.com\\\/enelpalomar\\\/\",\"https:\\\/\\\/www.linkedin.com\\\/in\\\/jose-alonso-represa-43193510\\\/\"]}]}<\/script>\n<!-- \/ Yoast SEO plugin. -->","yoast_head_json":{"title":"Pol\u00edtica de Reemborsament | De quin color \u00e9s la teva pell?","robots":{"index":"index","follow":"follow","max-snippet":"max-snippet:-1","max-image-preview":"max-image-preview:large","max-video-preview":"max-video-preview:-1"},"canonical":"https:\/\/dequecolorestupiel.com\/ca\/politica-de-reemborsament\/","og_locale":"ca_ES","og_type":"article","og_title":"Pol\u00edtica de Reemborsament | De quin color \u00e9s la teva pell?","og_description":"Gr\u00e0cies per confiar en nosaltres. Si no est\u00e0s totalment satisfet amb la contractaci\u00f3 del servei, som aqu\u00ed per ajudar-te! Devolucions Ens prenem la satisfacci\u00f3 del client molt en serio. Totes les reclamacions per serveis prestats s&#8217; han de fer dins dels 14 dies seg\u00fcents a la prestaci\u00f3 d&#8217; aquests, escrivint a jose@elpalomardejose.com. Haur\u00e0 de proporcionar [&hellip;]","og_url":"https:\/\/dequecolorestupiel.com\/ca\/politica-de-reemborsament\/","og_site_name":"De quin color \u00e9s la teva pell?","article_modified_time":"2023-09-27T14:07:01+00:00","og_image":[{"width":1200,"height":675,"url":"https:\/\/dequecolorestupiel.com\/wp-content\/uploads\/De-que-color-es-tu-piel.jpg","type":"image\/jpeg"}],"twitter_card":"summary_large_image","twitter_misc":{"Temps estimat de lectura":"1 minut"},"schema":{"@context":"https:\/\/schema.org","@graph":[{"@type":"WebPage","@id":"https:\/\/dequecolorestupiel.com\/ca\/politica-de-reemborsament\/","url":"https:\/\/dequecolorestupiel.com\/ca\/politica-de-reemborsament\/","name":"Pol\u00edtica de Reemborsament | De quin color \u00e9s la teva pell?","isPartOf":{"@id":"https:\/\/dequecolorestupiel.com\/ca\/#website"},"datePublished":"2023-09-19T15:06:52+00:00","dateModified":"2023-09-27T14:07:01+00:00","breadcrumb":{"@id":"https:\/\/dequecolorestupiel.com\/ca\/politica-de-reemborsament\/#breadcrumb"},"inLanguage":"ca","potentialAction":[{"@type":"ReadAction","target":["https:\/\/dequecolorestupiel.com\/ca\/politica-de-reemborsament\/"]}]},{"@type":"BreadcrumbList","@id":"https:\/\/dequecolorestupiel.com\/ca\/politica-de-reemborsament\/#breadcrumb","itemListElement":[{"@type":"ListItem","position":1,"name":"Portada","item":"https:\/\/dequecolorestupiel.com\/ca\/portada\/"},{"@type":"ListItem","position":2,"name":"Pol\u00edtica de Reemborsament"}]},{"@type":"WebSite","@id":"https:\/\/dequecolorestupiel.com\/ca\/#website","url":"https:\/\/dequecolorestupiel.com\/ca\/","name":"De quin color \u00e9s la teva pell?","description":"Taller del Palomar de Jose que convida a reflexionar sobre la discriminaci\u00f3 i el racisme en l'\u00e0mbit educatiu","publisher":{"@id":"https:\/\/dequecolorestupiel.com\/ca\/#\/schema\/person\/34e7450451f21e8784b696add8eb6646"},"potentialAction":[{"@type":"SearchAction","target":{"@type":"EntryPoint","urlTemplate":"https:\/\/dequecolorestupiel.com\/ca\/?s={search_term_string}"},"query-input":{"@type":"PropertyValueSpecification","valueRequired":true,"valueName":"search_term_string"}}],"inLanguage":"ca"},{"@type":["Person","Organization"],"@id":"https:\/\/dequecolorestupiel.com\/ca\/#\/schema\/person\/34e7450451f21e8784b696add8eb6646","name":"enelpalomar","image":{"@type":"ImageObject","inLanguage":"ca","@id":"https:\/\/dequecolorestupiel.com\/wp-content\/uploads\/Isotipo-El-Palomar-web.png","url":"https:\/\/dequecolorestupiel.com\/wp-content\/uploads\/Isotipo-El-Palomar-web.png","contentUrl":"https:\/\/dequecolorestupiel.com\/wp-content\/uploads\/Isotipo-El-Palomar-web.png","width":512,"height":512,"caption":"enelpalomar"},"logo":{"@id":"https:\/\/dequecolorestupiel.com\/wp-content\/uploads\/Isotipo-El-Palomar-web.png"},"sameAs":["https:\/\/elpalomardejose.com\/","https:\/\/www.instagram.com\/enelpalomar\/","https:\/\/www.linkedin.com\/in\/jose-alonso-represa-43193510\/"]}]}},"_links":{"self":[{"href":"https:\/\/dequecolorestupiel.com\/ca\/wp-json\/wp\/v2\/pages\/1159","targetHints":{"allow":["GET"]}}],"collection":[{"href":"https:\/\/dequecolorestupiel.com\/ca\/wp-json\/wp\/v2\/pages"}],"about":[{"href":"https:\/\/dequecolorestupiel.com\/ca\/wp-json\/wp\/v2\/types\/page"}],"author":[{"embeddable":true,"href":"https:\/\/dequecolorestupiel.com\/ca\/wp-json\/wp\/v2\/users\/1"}],"replies":[{"embeddable":true,"href":"https:\/\/dequecolorestupiel.com\/ca\/wp-json\/wp\/v2\/comments?post=1159"}],"version-history":[{"count":2,"href":"https:\/\/dequecolorestupiel.com\/ca\/wp-json\/wp\/v2\/pages\/1159\/revisions"}],"predecessor-version":[{"id":1231,"href":"https:\/\/dequecolorestupiel.com\/ca\/wp-json\/wp\/v2\/pages\/1159\/revisions\/1231"}],"wp:attachment":[{"href":"https:\/\/dequecolorestupiel.com\/ca\/wp-json\/wp\/v2\/media?parent=1159"}],"curies":[{"name":"wp","href":"https:\/\/api.w.org\/{rel}","templated":true}]}}